{"id":50791,"date":"2020-04-22T07:57:02","date_gmt":"2020-04-22T05:57:02","guid":{"rendered":"https:\/\/wagnersolar.hu\/?page_id=50791"},"modified":"2026-01-28T13:19:32","modified_gmt":"2026-01-28T11:19:32","slug":"wagner-solar-solarmodul-waermepumpe-solarkollektor","status":"publish","type":"page","link":"https:\/\/wagnersolar.hu\/de\/","title":{"rendered":"Wagner Solar | Solarmodul, W\u00e4rmepumpe, Solarkollektor"},"content":{"rendered":"<section class=\"cover cover--over-hidden position-relative\">\n    <div class=\"cover__zoom-bg\" style=\"background-image: url('https:\/\/wagnersolar.hu\/wp-content\/uploads\/2024\/09\/ws_kezdolap_fejlec_2408_v7_web.jpg')\"><\/div>\n    <div class=\"cover__overlay\"><\/div>\n    <div class=\"container-xl\">\n        <div class=\"row\">\n            <div style=\"background-image: url('https:\/\/wagnersolar.hu\/wp-content\/uploads\/2024\/09\/ws_kezdolap_fejlec_2408_v7_web.jpg')\"\n                class=\"col-md-8 col-lg-5 col-xl-7 plus-padding-bottom cover-mobile-bg\">\n                <h1 class=\"mb-4\">Erneuerbare Energie f\u00fcr Privat und Unternehmen<\/h1>\n                                               \n                <div class=\"position-relative cover__logos-wrapper__mobile\">\n\n                                    <\/div>\n            <\/div>\n\n            \n\n        <\/div>\n    <\/div>\n\n    \n<\/section>\n\n<section>\n\t<div class=\"container-xl\">\n\t\t<div class=\"row justify-content-center\">\n            <div class=\"col-12 text-center mt-3 mb-0\">\n                <h2 class=\"size--h1--xs mb-0\">Unser Unternehmen<\/h2>\n            <\/div>\n            \n\t\t\t<div class=\"col-12\">\n\t\t\t\t\t\t\t    <div class=\"tile-slider-container tile-slider-container--triple\">\n\t\t\t\t\t<img class=\"arrow arrow--left d-block d-lg-none\" src=\"https:\/\/wagnersolar.hu\/wp-content\/themes\/wagner\/assets\/img\/svg\/arrow-left.svg\">\n\t\t\t\t\t<img class=\"arrow arrow--right d-block d-lg-none\" src=\"https:\/\/wagnersolar.hu\/wp-content\/themes\/wagner\/assets\/img\/svg\/arrow-right.svg\">\n\t\t\t        <div class=\"slider-container\">\n\t\t\t\t\t\t\t\t\t\t\t\t\t\t\t                        <div class=\"slide\">\n\t\t                            <div class=\"slide__image\">\n\t\t\t\t\t\t\t\t\t\t\t\t\t\t\t\t\t\t\t\t\t\t\t\t\t\t\t\t\t\t<!-- Preload a k\u00f6zepes m\u00e9ret\u0171 k\u00e9pet mobilra -->\n    \t\t\t\t\t\t\t\t\t<link rel=\"preload\" href=\"https:\/\/wagnersolar.hu\/wp-content\/uploads\/2020\/08\/napelem-rendszer2-300x200.jpg\" as=\"image\" media=\"(max-width: 768px)\">\n    \n\t\t\t\t\t\t\t\t\t\t<img \n\t\t\t\t\t\t\t\t\t\t\tclass=\"slide__image__img\" \n\t\t\t\t\t\t\t\t\t\t\tsrc=\"https:\/\/wagnersolar.hu\/wp-content\/uploads\/2020\/08\/napelem-rendszer2-300x200.jpg\" \n\t\t\t\t\t\t\t\t\t\t\tsrcset=\"https:\/\/wagnersolar.hu\/wp-content\/uploads\/2020\/08\/napelem-rendszer2-300x200.jpg 300w, https:\/\/wagnersolar.hu\/wp-content\/uploads\/2020\/08\/napelem-rendszer2-1024x683.jpg 1024w, https:\/\/wagnersolar.hu\/wp-content\/uploads\/2020\/08\/napelem-rendszer2-768x512.jpg 768w, https:\/\/wagnersolar.hu\/wp-content\/uploads\/2020\/08\/napelem-rendszer2-1536x1024.jpg 1536w, https:\/\/wagnersolar.hu\/wp-content\/uploads\/2020\/08\/napelem-rendszer2.jpg 1920w\" \n\t\t\t\t\t\t\t\t\t\t\tsizes=\"(max-width: 768px) 80vw, 100vw\"\n\t\t\t\t\t\t\t\t\t\t\talt=\"Napelem, h\u0151szivatty\u00fa nagykereskedelem\">\n\t\t                                <div class=\"slide__content\">\n\t\t                                    <div>\n\t\t                                        <h2 class=\"size--xs\">L\u00f6sungen f\u00fcr Unternehmen<\/h2>\n\t\t                                        <p>Solarmodule, EV-Ladestationen und Energiespeicherung von der Planung bis zum Bau<\/p>\n\t\t                                    <\/div>\n\t\t\t                                                                                <a href=\"#kontaktieren\" class=\"btn btn-primary\">Kontaktieren Bitte!<\/a>\n\t\t\t                                \t\t                                <\/div>\n\t\t                            <\/div>\n\t\t                        <\/div>\n\t\t\t                \t\t\t\t\t\t\t\t\t\t\t\t\t\t\t                        <div class=\"slide\">\n\t\t                            <div class=\"slide__image\">\n\t\t\t\t\t\t\t\t\t\t\t\t\t\t\t\t\t\t\t\t\t\t\t\t\t\t\t\t\t\t<!-- Preload a k\u00f6zepes m\u00e9ret\u0171 k\u00e9pet mobilra -->\n    \t\t\t\t\t\t\t\t\t<link rel=\"preload\" href=\"https:\/\/wagnersolar.hu\/wp-content\/uploads\/2024\/11\/ws_napelem_fejlec_0002_Layer-18-300x180.jpg\" as=\"image\" media=\"(max-width: 768px)\">\n    \n\t\t\t\t\t\t\t\t\t\t<img \n\t\t\t\t\t\t\t\t\t\t\tclass=\"slide__image__img\" \n\t\t\t\t\t\t\t\t\t\t\tsrc=\"https:\/\/wagnersolar.hu\/wp-content\/uploads\/2024\/11\/ws_napelem_fejlec_0002_Layer-18-300x180.jpg\" \n\t\t\t\t\t\t\t\t\t\t\tsrcset=\"https:\/\/wagnersolar.hu\/wp-content\/uploads\/2024\/11\/ws_napelem_fejlec_0002_Layer-18-300x180.jpg 300w, https:\/\/wagnersolar.hu\/wp-content\/uploads\/2024\/11\/ws_napelem_fejlec_0002_Layer-18-1024x614.jpg 1024w, https:\/\/wagnersolar.hu\/wp-content\/uploads\/2024\/11\/ws_napelem_fejlec_0002_Layer-18-768x461.jpg 768w, https:\/\/wagnersolar.hu\/wp-content\/uploads\/2024\/11\/ws_napelem_fejlec_0002_Layer-18-1536x921.jpg 1536w, https:\/\/wagnersolar.hu\/wp-content\/uploads\/2024\/11\/ws_napelem_fejlec_0002_Layer-18.jpg 1667w\" \n\t\t\t\t\t\t\t\t\t\t\tsizes=\"(max-width: 768px) 80vw, 100vw\"\n\t\t\t\t\t\t\t\t\t\t\talt=\"\">\n\t\t                                <div class=\"slide__content\">\n\t\t                                    <div>\n\t\t                                        <h2 class=\"size--xs\">L\u00f6sungen f\u00fcr Privathaushalte<\/h2>\n\t\t                                        <p>Bereit f\u00fcr erneuerbare Energien<\/p>\n\t\t                                    <\/div>\n\t\t\t                                                                                <a href=\"#kontaktieren\" class=\"btn btn-primary\">Kontaktieren Bitte!<\/a>\n\t\t\t                                \t\t                                <\/div>\n\t\t                            <\/div>\n\t\t                        <\/div>\n\t\t\t                \t\t\t\t\t\t\t\t\t\t\t\t\t\t\t                        <div class=\"slide\">\n\t\t                            <div class=\"slide__image\">\n\t\t\t\t\t\t\t\t\t\t\t\t\t\t\t\t\t\t\t\t\t\t\t\t\t\t\t\t\t\t<!-- Preload a k\u00f6zepes m\u00e9ret\u0171 k\u00e9pet mobilra -->\n    \t\t\t\t\t\t\t\t\t<link rel=\"preload\" href=\"https:\/\/wagnersolar.hu\/wp-content\/uploads\/2025\/06\/raktar_web-300x200-1.jpg\" as=\"image\" media=\"(max-width: 768px)\">\n    \n\t\t\t\t\t\t\t\t\t\t<img \n\t\t\t\t\t\t\t\t\t\t\tclass=\"slide__image__img\" \n\t\t\t\t\t\t\t\t\t\t\tsrc=\"https:\/\/wagnersolar.hu\/wp-content\/uploads\/2025\/06\/raktar_web-300x200-1.jpg\" \n\t\t\t\t\t\t\t\t\t\t\tsrcset=\"\" \n\t\t\t\t\t\t\t\t\t\t\tsizes=\"(max-width: 768px) 80vw, 100vw\"\n\t\t\t\t\t\t\t\t\t\t\talt=\"\">\n\t\t                                <div class=\"slide__content\">\n\t\t                                    <div>\n\t\t                                        <h2 class=\"size--xs\">Gro\u00dfhandel<\/h2>\n\t\t                                        <p>Alles, was Solarstrom ben\u00f6tigt<\/p>\n\t\t                                    <\/div>\n\t\t\t                                                                                <a href=\"#kontaktieren\" class=\"btn btn-primary\">Kontaktieren Bitte!<\/a>\n\t\t\t                                \t\t                                <\/div>\n\t\t                            <\/div>\n\t\t                        <\/div>\n\t\t\t                \t\t\t\t\t\t\t\t\t        <\/div>\n\t\t\t    <\/div>\n\t\t\t<\/div>\n\t\t<\/div>\n\t<\/div>\n<\/section>\n\n\n\n<section>\n    <div class=\"container-xl pt-5\">\n        <div class=\"row\">\n            <div class=\"col-md-12\">\n                <h2 class=\"size--h1\">Produkte  <!-- Generator: Adobe Illustrator 24.2.3, SVG Export Plug-In  --> <svg version=\"1.1\" xmlns=\"http:\/\/www.w3.org\/2000\/svg\" xmlns:xlink=\"http:\/\/www.w3.org\/1999\/xlink\" x=\"0px\" y=\"0px\" width=\"64.6px\" \t height=\"64.6px\" viewBox=\"0 0 64.6 64.6\" style=\"overflow:visible;enable-background:new 0 0 64.6 64.6;\" xml:space=\"preserve\"> <style type=\"text\/css\"> \t.st0{fill:url(#SVGID_1_);} \t.st1{fill:url(#SVGID_2_);} \t.st2{fill:url(#SVGID_3_);} \t.st3{fill:url(#SVGID_4_);} \t.st4{fill:url(#SVGID_5_);} \t.st5{fill:url(#SVGID_6_);} \t.st6{fill:url(#SVGID_7_);} \t.st7{fill:url(#SVGID_8_);} <\/style> <defs> <\/defs> <linearGradient id=\"SVGID_1_\" gradientUnits=\"userSpaceOnUse\" x1=\"2.6954\" y1=\"55.497\" x2=\"54.9357\" y2=\"55.497\"> \t<stop  offset=\"0.215\" style=\"stop-color:#F09819\"\/> \t<stop  offset=\"1\" style=\"stop-color:#F3C449\"\/> <\/linearGradient> <path class=\"st0\" d=\"M33.6,64.6c-0.2-0.1-0.4-0.3-0.6-0.4c-3.9-2.3-7.8-4.5-11.7-6.8c-0.2-0.1-0.4-0.2-0.6-0.4c4.3-2.5,8.6-5,13-7.5 \tc0,1.5,0,2.9,0,4.3c6.2-0.4,11.2-2.9,15.2-7.6c1.6,1.3,3.2,2.6,4.9,4c-5.3,6.2-11.9,9.5-20.1,9.9c0,1.5,0,2.9,0,4.4 \tC33.7,64.6,33.6,64.6,33.6,64.6z\"\/> <linearGradient id=\"SVGID_2_\" gradientUnits=\"userSpaceOnUse\" x1=\"2.6954\" y1=\"27.3979\" x2=\"54.9357\" y2=\"27.3979\"> \t<stop  offset=\"8.062740e-02\" style=\"stop-color:#F09819\"\/> \t<stop  offset=\"1\" style=\"stop-color:#F3C449\"\/> <\/linearGradient> <path class=\"st1\" d=\"M64.6,31.1c-0.1,0.2-0.3,0.4-0.4,0.5c-2.3,3.9-4.5,7.8-6.7,11.7c-0.1,0.2-0.2,0.4-0.4,0.7 \tc-2.5-4.3-5-8.6-7.5-13c1.5,0,2.9,0,4.4,0c-0.4-6.2-2.9-11.2-7.6-15.2c1.3-1.6,2.6-3.2,4-4.9c6.2,5.3,9.5,11.9,9.9,20.1 \tc1.5,0,2.9,0,4.4,0C64.6,31,64.6,31,64.6,31.1z\"\/> <linearGradient id=\"SVGID_3_\" gradientUnits=\"userSpaceOnUse\" x1=\"2.6954\" y1=\"9.1471\" x2=\"54.9357\" y2=\"9.1471\"> \t<stop  offset=\"0.1398\" style=\"stop-color:#F09819\"\/> \t<stop  offset=\"1\" style=\"stop-color:#F3C449\"\/> <\/linearGradient> <path class=\"st2\" d=\"M30.9,15.1c0-1.5,0-2.9,0-4.3c-3.6,0-10.2,1.6-15.2,7.5c-1.6-1.3-3.2-2.6-4.8-4c5.3-6.2,11.9-9.5,20.1-9.9 \tc0-1.4,0-2.8,0-4.4c4.4,2.5,8.7,5,13,7.5C39.6,10,35.3,12.5,30.9,15.1z\"\/> <linearGradient id=\"SVGID_4_\" gradientUnits=\"userSpaceOnUse\" x1=\"2.6954\" y1=\"37.249\" x2=\"54.9357\" y2=\"37.249\"> \t<stop  offset=\"0.1129\" style=\"stop-color:#F09819\"\/> \t<stop  offset=\"1\" style=\"stop-color:#F3C449\"\/> <\/linearGradient> <path class=\"st3\" d=\"M18.3,48.9c-1.3,1.6-2.6,3.2-4,4.9c-6.2-5.3-9.5-11.9-9.9-20.1c-1.4,0-2.8,0-4.4,0c2.5-4.4,5-8.7,7.5-13 \tc2.5,4.3,5,8.6,7.5,13c-1.5,0-2.9,0-4.3,0C11.1,39.9,13.6,44.9,18.3,48.9z\"\/> <\/svg><\/h2>\n                <div id=\"tab\">\n                    <div class=\"block block--dark block--pl-xl block--br-xs\">\n\n                                                                    <div class=\"tab__pane\">                        \n                            <ul class=\"icon-list\">\n                                                                                            <li><img src=\"https:\/\/wagnersolar.hu\/wp-content\/uploads\/2020\/07\/ant-design_question-circle-outlined-1.svg\" alt=\"napenergia\">Gewinnung von Strom aus Sonnenstrahlen<\/li>\n                                                                                            <li><img src=\"https:\/\/wagnersolar.hu\/wp-content\/uploads\/2020\/07\/si-glyph_house.svg\" alt=\"napelemes rendszerrel nemcsak elektormos \u00e1ramot \u00e1ll\u00edt el\u0151, de n\u00f6veli az ingatlan \u00e9rt\u00e9k\u00e9t is\">100% des Haushaltsstromes kann ersetzt werden<\/li>\n                                                                                            <li><img src=\"https:\/\/wagnersolar.hu\/wp-content\/uploads\/2020\/05\/Group-122.svg\" alt=\"Sokr\u00e9t\u0171 felhaszn\u00e1l\u00e1s: csal\u00e1di vagy t\u00e1rsas h\u00e1z, ipari csarnok energiaell\u00e1t\u00e1s\u00e1hoz, elektromos aut\u00f3 tulajdonosoknak ,stb.\">F\u00fcr gebrauchte oder neue Geb\u00e4ude (H\u00e4user, Firmengeb\u00e4ude, Lagerhallen)<\/li>\n                                                                                            <li><img src=\"https:\/\/wagnersolar.hu\/wp-content\/uploads\/2020\/08\/otlet.svg\" alt=\"A napkollektor \u00e9s napelem haszn\u00e1lata egy\u00fcttesen m\u00e9g hat\u00e9konyabb\">Cleverer Tipp: Ein intelligentes Solarsystem ist durch den Kauf eines SolarEdge-Wechselrichters realisierbar<\/li>\n                                                        <\/ul>\n                                                                                <\/div>\n                                                                    <div class=\"tab__pane\">                        \n                            <ul class=\"icon-list\">\n                                                                                            <li><img src=\"https:\/\/wagnersolar.hu\/wp-content\/uploads\/2020\/04\/icon01.svg\" alt=\"Elektromos aut\u00f3 t\u00f6lt\u0151 telep\u00edt\u00e9s, leveg\u0151s h\u0151szivatty\u00fa megold\u00e1sok \u00e9s sok m\u00e1s lehet\u0151s\u00e9g napelemes rendszerrel \u00f6sszek\u00f6tve\">Es ist auch m\u00f6glich um ein spezielles Elektroautoladeger\u00e4t oder ein mit einem Wechselrichter verbundenes Ladeger\u00e4t zu installieren.<\/li>\n                                                                                            <li><img src=\"https:\/\/wagnersolar.hu\/wp-content\/uploads\/2020\/07\/si-glyph_house-4.svg\" alt=\"Gyorsan felt\u00f6lthetj\u00fck elektromos aut\u00f3nkat, felf\u0171thetj\u00fck a medenc\u00e9t, stb.\">M\u00f6glichkeit zum schnellen Aufladen von Elektroautos.<\/li>\n                                                                                            <li><img src=\"https:\/\/wagnersolar.hu\/wp-content\/uploads\/2020\/05\/Group-122.svg\" alt=\"Sokr\u00e9t\u0171 felhaszn\u00e1l\u00e1s: csal\u00e1di vagy t\u00e1rsas h\u00e1z, ipari csarnok energiaell\u00e1t\u00e1s\u00e1hoz, elektromos aut\u00f3 tulajdonosoknak ,stb.\">Empfehlenswert f\u00fcr Besitzer von Elektroautos oder f\u00fcr diejenigen, die eine solche Investition in Erw\u00e4gung ziehen.<\/li>\n                                                                                            <li><img src=\"https:\/\/wagnersolar.hu\/wp-content\/uploads\/2020\/08\/otlet.svg\" alt=\"A napkollektor \u00e9s napelem haszn\u00e1lata egy\u00fcttesen m\u00e9g hat\u00e9konyabb\">Cleverer Tipp: Eine installierte Solaranlage kann die Kosten f\u00fcr das Elektroauto fast auf Null reduzieren.<\/li>\n                                                        <\/ul>\n                                                                                <\/div>\n                                                                    <div class=\"tab__pane\">                        \n                            <ul class=\"icon-list\">\n                                                                                            <li><img src=\"https:\/\/wagnersolar.hu\/wp-content\/uploads\/2020\/04\/icon01.svg\" alt=\"Elektromos aut\u00f3 t\u00f6lt\u0151 telep\u00edt\u00e9s, leveg\u0151s h\u0151szivatty\u00fa megold\u00e1sok \u00e9s sok m\u00e1s lehet\u0151s\u00e9g napelemes rendszerrel \u00f6sszek\u00f6tve\">Er wandelt Energie direkt von den Sonnenkollektoren in Warmwasser um.<\/li>\n                                                                                            <li><img src=\"https:\/\/wagnersolar.hu\/wp-content\/uploads\/2020\/07\/si-glyph_house-4.svg\" alt=\"Gyorsan felt\u00f6lthetj\u00fck elektromos aut\u00f3nkat, felf\u0171thetj\u00fck a medenc\u00e9t, stb.\">Bei fehlender Sonneneinstrahlung kann er \u00fcber das Stromnetz betrieben werden.<\/li>\n                                                                                            <li><img src=\"https:\/\/wagnersolar.hu\/wp-content\/uploads\/2020\/05\/Group-122.svg\" alt=\"Sokr\u00e9t\u0171 felhaszn\u00e1l\u00e1s: csal\u00e1di vagy t\u00e1rsas h\u00e1z, ipari csarnok energiaell\u00e1t\u00e1s\u00e1hoz, elektromos aut\u00f3 tulajdonosoknak ,stb.\">Empfohlen f\u00fcr Ferienh\u00e4user, Jagdh\u00fctten, kleine Haushalte und solche mit begrenzten Dachfl\u00e4che.<\/li>\n                                                                                            <li><img src=\"https:\/\/wagnersolar.hu\/wp-content\/uploads\/2020\/08\/otlet.svg\" alt=\"A napkollektor \u00e9s napelem haszn\u00e1lata egy\u00fcttesen m\u00e9g hat\u00e9konyabb\">Wenn es keine M\u00f6glichkeit gibt, eine bestehende Solaranlage zu erweitern, kann der Kessel eingesetzt werden, um den Wirkungsgrad weiter zu erh\u00f6hen oder sogar unabh\u00e4ngig vom Stromnetz zu arbeiten.<\/li>\n                                                        <\/ul>\n                                                                                <\/div>\n                                                                    <div class=\"tab__pane\">                        \n                            <ul class=\"icon-list\">\n                                                                                            <li><img src=\"https:\/\/wagnersolar.hu\/wp-content\/uploads\/2020\/04\/icon01.svg\" alt=\"Elektromos aut\u00f3 t\u00f6lt\u0151 telep\u00edt\u00e9s, leveg\u0151s h\u0151szivatty\u00fa megold\u00e1sok \u00e9s sok m\u00e1s lehet\u0151s\u00e9g napelemes rendszerrel \u00f6sszek\u00f6tve\">Die Energie wird aus der Strahlung der Sonne gewonnen.<\/li>\n                                                                                            <li><img src=\"https:\/\/wagnersolar.hu\/wp-content\/uploads\/2020\/07\/si-glyph_house-4.svg\" alt=\"Gyorsan felt\u00f6lthetj\u00fck elektromos aut\u00f3nkat, felf\u0171thetj\u00fck a medenc\u00e9t, stb.\">Sie kann zur Warmwasserbereitung, Heizungsunterst\u00fctzung und Beheizung von Schwimmb\u00e4dern benutzt werden.<\/li>\n                                                                                            <li><img src=\"https:\/\/wagnersolar.hu\/wp-content\/uploads\/2020\/05\/Group-122.svg\" alt=\"Sokr\u00e9t\u0171 felhaszn\u00e1l\u00e1s: csal\u00e1di vagy t\u00e1rsas h\u00e1z, ipari csarnok energiaell\u00e1t\u00e1s\u00e1hoz, elektromos aut\u00f3 tulajdonosoknak ,stb.\">Sie k\u00f6nnen in neuen und bestehenden H\u00e4usern eingesetzt werden und werden bei hohem Warmwasserverbrauch und f\u00fcr Schwimmbadbesitzer empfohlen.<\/li>\n                                                                                            <li><img src=\"https:\/\/wagnersolar.hu\/wp-content\/uploads\/2020\/08\/otlet.svg\" alt=\"A napkollektor \u00e9s napelem haszn\u00e1lata egy\u00fcttesen m\u00e9g hat\u00e9konyabb\">Cleverer Tipp: Wenn die Dachgr\u00f6\u00dfe geeignet ist, verwenden Sie sowohl Solarmodulen als auch Solarkollektoren.<\/li>\n                                                        <\/ul>\n                                                                                <\/div>\n                                                                    <div class=\"tab__pane\">                        \n                            <ul class=\"icon-list\">\n                                                                                            <li><img src=\"https:\/\/wagnersolar.hu\/wp-content\/uploads\/2020\/04\/icon01.svg\" alt=\"Elektromos aut\u00f3 t\u00f6lt\u0151 telep\u00edt\u00e9s, leveg\u0151s h\u0151szivatty\u00fa megold\u00e1sok \u00e9s sok m\u00e1s lehet\u0151s\u00e9g napelemes rendszerrel \u00f6sszek\u00f6tve\">Die Technologie der Luft-W\u00e4rmepumpe basiert auf der Nutzung von Energie aus der Atmosph\u00e4re.<\/li>\n                                                                                            <li><img src=\"https:\/\/wagnersolar.hu\/wp-content\/uploads\/2020\/07\/si-glyph_house-4.svg\" alt=\"Gyorsan felt\u00f6lthetj\u00fck elektromos aut\u00f3nkat, felf\u0171thetj\u00fck a medenc\u00e9t, stb.\">Geeignet f\u00fcr die Beheizung von Schwimmbecken.<\/li>\n                                                                                            <li><img src=\"https:\/\/wagnersolar.hu\/wp-content\/uploads\/2020\/08\/ugyfel-profil.svg\" alt=\"Napelem, h\u0151szivatty\u00fa, napkollektor, h\u0151visszanyer\u0151 szell\u0151ztet\u0151, pellet kaz\u00e1n\">Empfohlen f\u00fcr alle, die ihr Au\u00dfenschwimmbad von Fr\u00fchling bis Herbst genie\u00dfen m\u00f6chten.<\/li>\n                                                                                            <li><img src=\"https:\/\/wagnersolar.hu\/wp-content\/uploads\/2020\/08\/otlet.svg\" alt=\"A napkollektor \u00e9s napelem haszn\u00e1lata egy\u00fcttesen m\u00e9g hat\u00e9konyabb\">Cleverer Tipp: Erw\u00e4gen Sie eine Abdeckung des Pools, um die W\u00e4rme besser zu speichern.<\/li>\n                                                        <\/ul>\n                                                                                <\/div>\n                                                                    <div class=\"tab__pane\">                        \n                            <ul class=\"icon-list\">\n                                                                                            <li><img src=\"https:\/\/wagnersolar.hu\/wp-content\/uploads\/2020\/04\/icon01.svg\" alt=\"Elektromos aut\u00f3 t\u00f6lt\u0151 telep\u00edt\u00e9s, leveg\u0151s h\u0151szivatty\u00fa megold\u00e1sok \u00e9s sok m\u00e1s lehet\u0151s\u00e9g napelemes rendszerrel \u00f6sszek\u00f6tve\">Sie ist automatisiert und sorgt mit konstanter Bel\u00fcftung f\u00fcr saubere Luft.<\/li>\n                                                                                            <li><img src=\"https:\/\/wagnersolar.hu\/wp-content\/uploads\/2020\/07\/si-glyph_house-4.svg\" alt=\"Gyorsan felt\u00f6lthetj\u00fck elektromos aut\u00f3nkat, felf\u0171thetj\u00fck a medenc\u00e9t, stb.\">Die L\u00fcftung mit W\u00e4rmer\u00fcckgewinnung sorgt f\u00fcr frische Luft in Ihrem Haus oder B\u00fcro.<\/li>\n                                                                                            <li><img src=\"https:\/\/wagnersolar.hu\/wp-content\/uploads\/2020\/05\/Group-122.svg\" alt=\"Sokr\u00e9t\u0171 felhaszn\u00e1l\u00e1s: csal\u00e1di vagy t\u00e1rsas h\u00e1z, ipari csarnok energiaell\u00e1t\u00e1s\u00e1hoz, elektromos aut\u00f3 tulajdonosoknak ,stb.\">Perfekt geeignet f\u00fcr neue, gut-isolierte H\u00e4user.<\/li>\n                                                                                            <li><img src=\"https:\/\/wagnersolar.hu\/wp-content\/uploads\/2020\/08\/otlet.svg\" alt=\"A napkollektor \u00e9s napelem haszn\u00e1lata egy\u00fcttesen m\u00e9g hat\u00e9konyabb\">Cleverer Tipp: L\u00fcften vermeidet sich Schimmel und spart Energie<\/li>\n                                                        <\/ul>\n                                                                                <\/div>\n                                                                    <div class=\"tab__pane\">                        \n                            <ul class=\"icon-list\">\n                                                                                            <li><img src=\"https:\/\/wagnersolar.hu\/wp-content\/uploads\/2020\/04\/icon01.svg\" alt=\"Elektromos aut\u00f3 t\u00f6lt\u0151 telep\u00edt\u00e9s, leveg\u0151s h\u0151szivatty\u00fa megold\u00e1sok \u00e9s sok m\u00e1s lehet\u0151s\u00e9g napelemes rendszerrel \u00f6sszek\u00f6tve\">Die Technologie der Luft-W\u00e4rmepumpen basiert auf der Nutzung von Energie aus der Atmosph\u00e4re.<\/li>\n                                                                                            <li><img src=\"https:\/\/wagnersolar.hu\/wp-content\/uploads\/2020\/07\/si-glyph_house-4.svg\" alt=\"Gyorsan felt\u00f6lthetj\u00fck elektromos aut\u00f3nkat, felf\u0171thetj\u00fck a medenc\u00e9t, stb.\">Sie eignen sich f\u00fcr Heizung, K\u00fchlung und die Erw\u00e4rmung von Brauchwasser.<\/li>\n                                                                                            <li><img src=\"https:\/\/wagnersolar.hu\/wp-content\/uploads\/2020\/05\/Group-122.svg\" alt=\"Sokr\u00e9t\u0171 felhaszn\u00e1l\u00e1s: csal\u00e1di vagy t\u00e1rsas h\u00e1z, ipari csarnok energiaell\u00e1t\u00e1s\u00e1hoz, elektromos aut\u00f3 tulajdonosoknak ,stb.\">Sie ist eine hervorragende L\u00f6sung f\u00fcr Neubauten. In bestimmten F\u00e4llen kann sie auch in bestehenden H\u00e4usern installiert werden.<\/li>\n                                                                                            <li><img src=\"https:\/\/wagnersolar.hu\/wp-content\/uploads\/2020\/08\/otlet.svg\" alt=\"A napkollektor \u00e9s napelem haszn\u00e1lata egy\u00fcttesen m\u00e9g hat\u00e9konyabb\">Cleverer Tipp: In Kombination mit Sonnenkollektoren kann die W\u00e4rmepumpe sogar die komplette Energieversorgung einer Immobilie ersetzen.<\/li>\n                                                        <\/ul>\n                                                                                <\/div>\n                                                                    <div class=\"tab__pane\">                        \n                            <ul class=\"icon-list\">\n                                                                                            <li><img src=\"https:\/\/wagnersolar.hu\/wp-content\/uploads\/2020\/04\/icon01.svg\" alt=\"Elektromos aut\u00f3 t\u00f6lt\u0151 telep\u00edt\u00e9s, leveg\u0151s h\u0151szivatty\u00fa megold\u00e1sok \u00e9s sok m\u00e1s lehet\u0151s\u00e9g napelemes rendszerrel \u00f6sszek\u00f6tve\">Die AC regelt die Temperatur und Luftfeuchtigkeit der Umgebungsluft, in dem sie kontinuierlicher K\u00e4ltemittel durch den Kompressor, den Verfl\u00fcssiger, das Expansionsventil und den Verdampfer zirkulieren l\u00e4sst und so die Raumluft k\u00fchlt oder erw\u00e4rmt.<\/li>\n                                                                                            <li><img src=\"https:\/\/wagnersolar.hu\/wp-content\/uploads\/2020\/07\/si-glyph_house.svg\" alt=\"napelemes rendszerrel nemcsak elektormos \u00e1ramot \u00e1ll\u00edt el\u0151, de n\u00f6veli az ingatlan \u00e9rt\u00e9k\u00e9t is\">Sie bietet auch die K\u00fchlung und die Zusatzheizung.<\/li>\n                                                                                            <li><img src=\"https:\/\/wagnersolar.hu\/wp-content\/uploads\/2020\/05\/Group-122.svg\" alt=\"Sokr\u00e9t\u0171 felhaszn\u00e1l\u00e1s: csal\u00e1di vagy t\u00e1rsas h\u00e1z, ipari csarnok energiaell\u00e1t\u00e1s\u00e1hoz, elektromos aut\u00f3 tulajdonosoknak ,stb.\">Es wird auch f\u00fcr Neubauten oder bestehende H\u00e4user empfehlen und kann neben der K\u00fchlung auch als Voll- oder Zusatzheizung eingesetzt werden.<\/li>\n                                                                                            <li><img src=\"https:\/\/wagnersolar.hu\/wp-content\/uploads\/2020\/08\/otlet.svg\" alt=\"A napkollektor \u00e9s napelem haszn\u00e1lata egy\u00fcttesen m\u00e9g hat\u00e9konyabb\">Cleverer Tipp: Um die Heiz- und K\u00fchlkosten zu reduzieren, kann auch eine Solaranlage installiert werden.<\/li>\n                                                        <\/ul>\n                                                                                <\/div>\n                                                            <\/div>\n                <\/div>\n\n                <div id=\"tabmobile\">\n                    <div class=\"block block--dark block--pl-xl block--br-xs\">\n                                            <div class=\"tab__pane\">                        \n                            <ul class=\"icon-list\">\n                                                                                            <li><img src=\"https:\/\/wagnersolar.hu\/wp-content\/uploads\/2020\/07\/ant-design_question-circle-outlined-1.svg\" alt=\"napenergia\">Gewinnung von Strom aus Sonnenstrahlen<\/li>\n                                                                                            <li><img src=\"https:\/\/wagnersolar.hu\/wp-content\/uploads\/2020\/07\/si-glyph_house.svg\" alt=\"napelemes rendszerrel nemcsak elektormos \u00e1ramot \u00e1ll\u00edt el\u0151, de n\u00f6veli az ingatlan \u00e9rt\u00e9k\u00e9t is\">100% des Haushaltsstromes kann ersetzt werden<\/li>\n                                                                                            <li><img src=\"https:\/\/wagnersolar.hu\/wp-content\/uploads\/2020\/05\/Group-122.svg\" alt=\"Sokr\u00e9t\u0171 felhaszn\u00e1l\u00e1s: csal\u00e1di vagy t\u00e1rsas h\u00e1z, ipari csarnok energiaell\u00e1t\u00e1s\u00e1hoz, elektromos aut\u00f3 tulajdonosoknak ,stb.\">F\u00fcr gebrauchte oder neue Geb\u00e4ude (H\u00e4user, Firmengeb\u00e4ude, Lagerhallen)<\/li>\n                                                                                            <li><img src=\"https:\/\/wagnersolar.hu\/wp-content\/uploads\/2020\/08\/otlet.svg\" alt=\"A napkollektor \u00e9s napelem haszn\u00e1lata egy\u00fcttesen m\u00e9g hat\u00e9konyabb\">Cleverer Tipp: Ein intelligentes Solarsystem ist durch den Kauf eines SolarEdge-Wechselrichters realisierbar<\/li>\n                                                        <\/ul>\n                                                                                <\/div>\n                                            <div class=\"tab__pane\">                        \n                            <ul class=\"icon-list\">\n                                                                                            <li><img src=\"https:\/\/wagnersolar.hu\/wp-content\/uploads\/2020\/04\/icon01.svg\" alt=\"Elektromos aut\u00f3 t\u00f6lt\u0151 telep\u00edt\u00e9s, leveg\u0151s h\u0151szivatty\u00fa megold\u00e1sok \u00e9s sok m\u00e1s lehet\u0151s\u00e9g napelemes rendszerrel \u00f6sszek\u00f6tve\">Es ist auch m\u00f6glich um ein spezielles Elektroautoladeger\u00e4t oder ein mit einem Wechselrichter verbundenes Ladeger\u00e4t zu installieren.<\/li>\n                                                                                            <li><img src=\"https:\/\/wagnersolar.hu\/wp-content\/uploads\/2020\/07\/si-glyph_house-4.svg\" alt=\"Gyorsan felt\u00f6lthetj\u00fck elektromos aut\u00f3nkat, felf\u0171thetj\u00fck a medenc\u00e9t, stb.\">M\u00f6glichkeit zum schnellen Aufladen von Elektroautos.<\/li>\n                                                                                            <li><img src=\"https:\/\/wagnersolar.hu\/wp-content\/uploads\/2020\/05\/Group-122.svg\" alt=\"Sokr\u00e9t\u0171 felhaszn\u00e1l\u00e1s: csal\u00e1di vagy t\u00e1rsas h\u00e1z, ipari csarnok energiaell\u00e1t\u00e1s\u00e1hoz, elektromos aut\u00f3 tulajdonosoknak ,stb.\">Empfehlenswert f\u00fcr Besitzer von Elektroautos oder f\u00fcr diejenigen, die eine solche Investition in Erw\u00e4gung ziehen.<\/li>\n                                                                                            <li><img src=\"https:\/\/wagnersolar.hu\/wp-content\/uploads\/2020\/08\/otlet.svg\" alt=\"A napkollektor \u00e9s napelem haszn\u00e1lata egy\u00fcttesen m\u00e9g hat\u00e9konyabb\">Cleverer Tipp: Eine installierte Solaranlage kann die Kosten f\u00fcr das Elektroauto fast auf Null reduzieren.<\/li>\n                                                        <\/ul>\n                                                                                <\/div>\n                                            <div class=\"tab__pane\">                        \n                            <ul class=\"icon-list\">\n                                                                                            <li><img src=\"https:\/\/wagnersolar.hu\/wp-content\/uploads\/2020\/04\/icon01.svg\" alt=\"Elektromos aut\u00f3 t\u00f6lt\u0151 telep\u00edt\u00e9s, leveg\u0151s h\u0151szivatty\u00fa megold\u00e1sok \u00e9s sok m\u00e1s lehet\u0151s\u00e9g napelemes rendszerrel \u00f6sszek\u00f6tve\">Er wandelt Energie direkt von den Sonnenkollektoren in Warmwasser um.<\/li>\n                                                                                            <li><img src=\"https:\/\/wagnersolar.hu\/wp-content\/uploads\/2020\/07\/si-glyph_house-4.svg\" alt=\"Gyorsan felt\u00f6lthetj\u00fck elektromos aut\u00f3nkat, felf\u0171thetj\u00fck a medenc\u00e9t, stb.\">Bei fehlender Sonneneinstrahlung kann er \u00fcber das Stromnetz betrieben werden.<\/li>\n                                                                                            <li><img src=\"https:\/\/wagnersolar.hu\/wp-content\/uploads\/2020\/05\/Group-122.svg\" alt=\"Sokr\u00e9t\u0171 felhaszn\u00e1l\u00e1s: csal\u00e1di vagy t\u00e1rsas h\u00e1z, ipari csarnok energiaell\u00e1t\u00e1s\u00e1hoz, elektromos aut\u00f3 tulajdonosoknak ,stb.\">Empfohlen f\u00fcr Ferienh\u00e4user, Jagdh\u00fctten, kleine Haushalte und solche mit begrenzten Dachfl\u00e4che.<\/li>\n                                                                                            <li><img src=\"https:\/\/wagnersolar.hu\/wp-content\/uploads\/2020\/08\/otlet.svg\" alt=\"A napkollektor \u00e9s napelem haszn\u00e1lata egy\u00fcttesen m\u00e9g hat\u00e9konyabb\">Wenn es keine M\u00f6glichkeit gibt, eine bestehende Solaranlage zu erweitern, kann der Kessel eingesetzt werden, um den Wirkungsgrad weiter zu erh\u00f6hen oder sogar unabh\u00e4ngig vom Stromnetz zu arbeiten.<\/li>\n                                                        <\/ul>\n                                                                                <\/div>\n                                            <div class=\"tab__pane\">                        \n                            <ul class=\"icon-list\">\n                                                                                            <li><img src=\"https:\/\/wagnersolar.hu\/wp-content\/uploads\/2020\/04\/icon01.svg\" alt=\"Elektromos aut\u00f3 t\u00f6lt\u0151 telep\u00edt\u00e9s, leveg\u0151s h\u0151szivatty\u00fa megold\u00e1sok \u00e9s sok m\u00e1s lehet\u0151s\u00e9g napelemes rendszerrel \u00f6sszek\u00f6tve\">Die Energie wird aus der Strahlung der Sonne gewonnen.<\/li>\n                                                                                            <li><img src=\"https:\/\/wagnersolar.hu\/wp-content\/uploads\/2020\/07\/si-glyph_house-4.svg\" alt=\"Gyorsan felt\u00f6lthetj\u00fck elektromos aut\u00f3nkat, felf\u0171thetj\u00fck a medenc\u00e9t, stb.\">Sie kann zur Warmwasserbereitung, Heizungsunterst\u00fctzung und Beheizung von Schwimmb\u00e4dern benutzt werden.<\/li>\n                                                                                            <li><img src=\"https:\/\/wagnersolar.hu\/wp-content\/uploads\/2020\/05\/Group-122.svg\" alt=\"Sokr\u00e9t\u0171 felhaszn\u00e1l\u00e1s: csal\u00e1di vagy t\u00e1rsas h\u00e1z, ipari csarnok energiaell\u00e1t\u00e1s\u00e1hoz, elektromos aut\u00f3 tulajdonosoknak ,stb.\">Sie k\u00f6nnen in neuen und bestehenden H\u00e4usern eingesetzt werden und werden bei hohem Warmwasserverbrauch und f\u00fcr Schwimmbadbesitzer empfohlen.<\/li>\n                                                                                            <li><img src=\"https:\/\/wagnersolar.hu\/wp-content\/uploads\/2020\/08\/otlet.svg\" alt=\"A napkollektor \u00e9s napelem haszn\u00e1lata egy\u00fcttesen m\u00e9g hat\u00e9konyabb\">Cleverer Tipp: Wenn die Dachgr\u00f6\u00dfe geeignet ist, verwenden Sie sowohl Solarmodulen als auch Solarkollektoren.<\/li>\n                                                        <\/ul>\n                                                                                <\/div>\n                                            <div class=\"tab__pane\">                        \n                            <ul class=\"icon-list\">\n                                                                                            <li><img src=\"https:\/\/wagnersolar.hu\/wp-content\/uploads\/2020\/04\/icon01.svg\" alt=\"Elektromos aut\u00f3 t\u00f6lt\u0151 telep\u00edt\u00e9s, leveg\u0151s h\u0151szivatty\u00fa megold\u00e1sok \u00e9s sok m\u00e1s lehet\u0151s\u00e9g napelemes rendszerrel \u00f6sszek\u00f6tve\">Die Technologie der Luft-W\u00e4rmepumpe basiert auf der Nutzung von Energie aus der Atmosph\u00e4re.<\/li>\n                                                                                            <li><img src=\"https:\/\/wagnersolar.hu\/wp-content\/uploads\/2020\/07\/si-glyph_house-4.svg\" alt=\"Gyorsan felt\u00f6lthetj\u00fck elektromos aut\u00f3nkat, felf\u0171thetj\u00fck a medenc\u00e9t, stb.\">Geeignet f\u00fcr die Beheizung von Schwimmbecken.<\/li>\n                                                                                            <li><img src=\"https:\/\/wagnersolar.hu\/wp-content\/uploads\/2020\/08\/ugyfel-profil.svg\" alt=\"Napelem, h\u0151szivatty\u00fa, napkollektor, h\u0151visszanyer\u0151 szell\u0151ztet\u0151, pellet kaz\u00e1n\">Empfohlen f\u00fcr alle, die ihr Au\u00dfenschwimmbad von Fr\u00fchling bis Herbst genie\u00dfen m\u00f6chten.<\/li>\n                                                                                            <li><img src=\"https:\/\/wagnersolar.hu\/wp-content\/uploads\/2020\/08\/otlet.svg\" alt=\"A napkollektor \u00e9s napelem haszn\u00e1lata egy\u00fcttesen m\u00e9g hat\u00e9konyabb\">Cleverer Tipp: Erw\u00e4gen Sie eine Abdeckung des Pools, um die W\u00e4rme besser zu speichern.<\/li>\n                                                        <\/ul>\n                                                                                <\/div>\n                                            <div class=\"tab__pane\">                        \n                            <ul class=\"icon-list\">\n                                                                                            <li><img src=\"https:\/\/wagnersolar.hu\/wp-content\/uploads\/2020\/04\/icon01.svg\" alt=\"Elektromos aut\u00f3 t\u00f6lt\u0151 telep\u00edt\u00e9s, leveg\u0151s h\u0151szivatty\u00fa megold\u00e1sok \u00e9s sok m\u00e1s lehet\u0151s\u00e9g napelemes rendszerrel \u00f6sszek\u00f6tve\">Sie ist automatisiert und sorgt mit konstanter Bel\u00fcftung f\u00fcr saubere Luft.<\/li>\n                                                                                            <li><img src=\"https:\/\/wagnersolar.hu\/wp-content\/uploads\/2020\/07\/si-glyph_house-4.svg\" alt=\"Gyorsan felt\u00f6lthetj\u00fck elektromos aut\u00f3nkat, felf\u0171thetj\u00fck a medenc\u00e9t, stb.\">Die L\u00fcftung mit W\u00e4rmer\u00fcckgewinnung sorgt f\u00fcr frische Luft in Ihrem Haus oder B\u00fcro.<\/li>\n                                                                                            <li><img src=\"https:\/\/wagnersolar.hu\/wp-content\/uploads\/2020\/05\/Group-122.svg\" alt=\"Sokr\u00e9t\u0171 felhaszn\u00e1l\u00e1s: csal\u00e1di vagy t\u00e1rsas h\u00e1z, ipari csarnok energiaell\u00e1t\u00e1s\u00e1hoz, elektromos aut\u00f3 tulajdonosoknak ,stb.\">Perfekt geeignet f\u00fcr neue, gut-isolierte H\u00e4user.<\/li>\n                                                                                            <li><img src=\"https:\/\/wagnersolar.hu\/wp-content\/uploads\/2020\/08\/otlet.svg\" alt=\"A napkollektor \u00e9s napelem haszn\u00e1lata egy\u00fcttesen m\u00e9g hat\u00e9konyabb\">Cleverer Tipp: L\u00fcften vermeidet sich Schimmel und spart Energie<\/li>\n                                                        <\/ul>\n                                                                                <\/div>\n                                            <div class=\"tab__pane\">                        \n                            <ul class=\"icon-list\">\n                                                                                            <li><img src=\"https:\/\/wagnersolar.hu\/wp-content\/uploads\/2020\/04\/icon01.svg\" alt=\"Elektromos aut\u00f3 t\u00f6lt\u0151 telep\u00edt\u00e9s, leveg\u0151s h\u0151szivatty\u00fa megold\u00e1sok \u00e9s sok m\u00e1s lehet\u0151s\u00e9g napelemes rendszerrel \u00f6sszek\u00f6tve\">Die Technologie der Luft-W\u00e4rmepumpen basiert auf der Nutzung von Energie aus der Atmosph\u00e4re.<\/li>\n                                                                                            <li><img src=\"https:\/\/wagnersolar.hu\/wp-content\/uploads\/2020\/07\/si-glyph_house-4.svg\" alt=\"Gyorsan felt\u00f6lthetj\u00fck elektromos aut\u00f3nkat, felf\u0171thetj\u00fck a medenc\u00e9t, stb.\">Sie eignen sich f\u00fcr Heizung, K\u00fchlung und die Erw\u00e4rmung von Brauchwasser.<\/li>\n                                                                                            <li><img src=\"https:\/\/wagnersolar.hu\/wp-content\/uploads\/2020\/05\/Group-122.svg\" alt=\"Sokr\u00e9t\u0171 felhaszn\u00e1l\u00e1s: csal\u00e1di vagy t\u00e1rsas h\u00e1z, ipari csarnok energiaell\u00e1t\u00e1s\u00e1hoz, elektromos aut\u00f3 tulajdonosoknak ,stb.\">Sie ist eine hervorragende L\u00f6sung f\u00fcr Neubauten. In bestimmten F\u00e4llen kann sie auch in bestehenden H\u00e4usern installiert werden.<\/li>\n                                                                                            <li><img src=\"https:\/\/wagnersolar.hu\/wp-content\/uploads\/2020\/08\/otlet.svg\" alt=\"A napkollektor \u00e9s napelem haszn\u00e1lata egy\u00fcttesen m\u00e9g hat\u00e9konyabb\">Cleverer Tipp: In Kombination mit Sonnenkollektoren kann die W\u00e4rmepumpe sogar die komplette Energieversorgung einer Immobilie ersetzen.<\/li>\n                                                        <\/ul>\n                                                                                <\/div>\n                                            <div class=\"tab__pane\">                        \n                            <ul class=\"icon-list\">\n                                                                                            <li><img src=\"https:\/\/wagnersolar.hu\/wp-content\/uploads\/2020\/04\/icon01.svg\" alt=\"Elektromos aut\u00f3 t\u00f6lt\u0151 telep\u00edt\u00e9s, leveg\u0151s h\u0151szivatty\u00fa megold\u00e1sok \u00e9s sok m\u00e1s lehet\u0151s\u00e9g napelemes rendszerrel \u00f6sszek\u00f6tve\">Die AC regelt die Temperatur und Luftfeuchtigkeit der Umgebungsluft, in dem sie kontinuierlicher K\u00e4ltemittel durch den Kompressor, den Verfl\u00fcssiger, das Expansionsventil und den Verdampfer zirkulieren l\u00e4sst und so die Raumluft k\u00fchlt oder erw\u00e4rmt.<\/li>\n                                                                                            <li><img src=\"https:\/\/wagnersolar.hu\/wp-content\/uploads\/2020\/07\/si-glyph_house.svg\" alt=\"napelemes rendszerrel nemcsak elektormos \u00e1ramot \u00e1ll\u00edt el\u0151, de n\u00f6veli az ingatlan \u00e9rt\u00e9k\u00e9t is\">Sie bietet auch die K\u00fchlung und die Zusatzheizung.<\/li>\n                                                                                            <li><img src=\"https:\/\/wagnersolar.hu\/wp-content\/uploads\/2020\/05\/Group-122.svg\" alt=\"Sokr\u00e9t\u0171 felhaszn\u00e1l\u00e1s: csal\u00e1di vagy t\u00e1rsas h\u00e1z, ipari csarnok energiaell\u00e1t\u00e1s\u00e1hoz, elektromos aut\u00f3 tulajdonosoknak ,stb.\">Es wird auch f\u00fcr Neubauten oder bestehende H\u00e4user empfehlen und kann neben der K\u00fchlung auch als Voll- oder Zusatzheizung eingesetzt werden.<\/li>\n                                                                                            <li><img src=\"https:\/\/wagnersolar.hu\/wp-content\/uploads\/2020\/08\/otlet.svg\" alt=\"A napkollektor \u00e9s napelem haszn\u00e1lata egy\u00fcttesen m\u00e9g hat\u00e9konyabb\">Cleverer Tipp: Um die Heiz- und K\u00fchlkosten zu reduzieren, kann auch eine Solaranlage installiert werden.<\/li>\n                                                        <\/ul>\n                                                                                <\/div>\n                                                            <\/div>\n                <\/div>\n            <\/div>\n        <\/div>\n    <\/div>    \n<\/section>\n\n<script>\n(function ($) {\n    \"use strict\";\n    $(function () {\n\n        if ($('#tab').length > 0) {\n            $('#tab').wheelizateTab('#tab', {\n                selectedTab: 0,\n                tabType: wheelizateTabTypes.Apart,\n                tabSubType: wheelizateTabSubTypes.Left,\n                tabThemeType: wheelizateTabThemeTypes.Solid,\n                tabWheelType: wheelizateTabWheelTypes.Donut,\n                wheelRadius: 230,\n                tabTitles: [\n                    \"imgsrc:https:\/\/wagnersolar.hu\/wp-content\/uploads\/2025\/06\/napelemesrendszerek_GER.png\",\"imgsrc:https:\/\/wagnersolar.hu\/wp-content\/uploads\/2025\/06\/elektromos-auto-tolto-szoveg_GER-1.png\",\"imgsrc:https:\/\/wagnersolar.hu\/wp-content\/uploads\/2025\/06\/napelemesbojler_GER.png\",\"imgsrc:https:\/\/wagnersolar.hu\/wp-content\/uploads\/2025\/06\/napkollektor_GER.png\",\"imgsrc:https:\/\/wagnersolar.hu\/wp-content\/uploads\/2025\/06\/medencefutes_GER.png\",\"imgsrc:https:\/\/wagnersolar.hu\/wp-content\/uploads\/2025\/06\/hovisszanyero_GER-1.png\",\"imgsrc:https:\/\/wagnersolar.hu\/wp-content\/uploads\/2025\/06\/hoszivattyu-jav_GER.png\",\"imgsrc:https:\/\/wagnersolar.hu\/wp-content\/uploads\/2025\/06\/klima_GER-1.png\"                ],\n                titleRotateAngle: null,\n                iconHeight: 90,\n                iconWidth: 90,\n                clockwise: true,\n                marker: false,\n                wheelAnimation: \"linear\",\n                paneAnimation: \"slide\",\n                tabRounded: true,\n                tabShadowed: false,\n                minHeight: $(window).width() < 1400 ? 330 : 450,\n                keyEnabled: false,\n            });\n\n\n            $('#tabmobile').wheelizateTab('#tabmobile', {\n                selectedTab: 0,\n                tabType: wheelizateTabTypes.Apart,\n                tabSubType: wheelizateTabSubTypes.Top,\n                tabThemeType: wheelizateTabThemeTypes.Solid,\n                tabWheelType: wheelizateTabWheelTypes.Donut,\n                wheelRadius: 250,\n                tabTitles: [\n                    \"imgsrc:https:\/\/wagnersolar.hu\/wp-content\/uploads\/2025\/06\/napelemesrendszerek_GER.png\",\"imgsrc:https:\/\/wagnersolar.hu\/wp-content\/uploads\/2025\/06\/elektromos-auto-tolto-szoveg_GER-1.png\",\"imgsrc:https:\/\/wagnersolar.hu\/wp-content\/uploads\/2025\/06\/napelemesbojler_GER.png\",\"imgsrc:https:\/\/wagnersolar.hu\/wp-content\/uploads\/2025\/06\/napkollektor_GER.png\",\"imgsrc:https:\/\/wagnersolar.hu\/wp-content\/uploads\/2025\/06\/medencefutes_GER.png\",\"imgsrc:https:\/\/wagnersolar.hu\/wp-content\/uploads\/2025\/06\/hovisszanyero_GER-1.png\",\"imgsrc:https:\/\/wagnersolar.hu\/wp-content\/uploads\/2025\/06\/hoszivattyu-jav_GER.png\",\"imgsrc:https:\/\/wagnersolar.hu\/wp-content\/uploads\/2025\/06\/klima_GER-1.png\"                ],\n                titleRotateAngle: null,\n                iconHeight: 90,\n                iconWidth: 90,\n                clockwise: true,\n                marker: false,\n                wheelAnimation: \"linear\",\n                paneAnimation: \"slide\",\n                tabRounded: true,\n                tabShadowed: false,\n                minHeight: 350,\n                keyEnabled: false,\n            });\n\n        }\n\n    });\n\n})(jQuery);    \n<\/script>\n\n\n\n<section>\n    <div class=\"container-xl\">\n        <div class=\"row\">\n            <div class=\"col-lg-6 order-2 order-lg-1\">\n                <h2 class=\"size--xl mt-5 mt-lg-0\">Von der Planung bis zum Einbau - f\u00fcr Unternehmen und Privatpersonen<\/h2>\n                <p>Bauen oder Renovieren? Kontaktieren Sie unser Expertenteam! Nachdem wir Ihren pers\u00f6nlichen Bedarf ermittelt haben, entwerfen wir ein System, dass Ihr Haus oder Ihre Immobilie wirtschaftlich betreiben und verwalten kann.\r\nVielleicht:\r\n\r\n\r\n<\/p>\n                <div class=\"row\">\n                    <div class=\"col-lg-6\">\n                        <ul class=\"icon-ul icon-ul--lg\">\n                                                                <li class=\"small-li\">\n                                        <img src=\"https:\/\/wagnersolar.hu\/wp-content\/uploads\/2020\/08\/homero.svg\" alt=\"Napelem, h\u0151szivatty\u00fa, napkollektor, h\u0151visszanyer\u0151 szell\u0151ztet\u0151, pellet kaz\u00e1n\">\n                                        <strong>Heizung<\/strong>\n                                    <\/li>\n                                                                    <li class=\"small-li\">\n                                        <img src=\"https:\/\/wagnersolar.hu\/wp-content\/uploads\/2020\/08\/szellozteto.svg\" alt=\"H\u0151visszanyer\u0151 szell\u0151ztet\u0151\">\n                                        <strong>K\u00fchlung<\/strong>\n                                    <\/li>\n                                                                    <li class=\"small-li\">\n                                        <img src=\"https:\/\/wagnersolar.hu\/wp-content\/uploads\/2020\/08\/ferde-teto.svg\" alt=\"Napelem, napkollektor, ferde tet\u0151, t\u00e1jol\u00e1s, cser\u00e9p tet\u0151\">\n                                        <strong>Bel\u00fcftung<\/strong>\n                                    <\/li>\n                                                        <\/ul>\n                    <\/div>\n                    <div class=\"col-lg-6\">\n                        <ul class=\"icon-ul icon-ul--lg\">\n                                                                <li class=\"small-li\">\n                                        <img src=\"https:\/\/wagnersolar.hu\/wp-content\/uploads\/2020\/08\/napelem.svg\" alt=\"Napelem panel, napelemes rendszer, szol\u00e1r modul\">\n                                        <strong>Elektrische Energie<\/strong>\n                                    <\/li>\n                                                                    <li class=\"small-li\">\n                                        <img src=\"https:\/\/wagnersolar.hu\/wp-content\/uploads\/2021\/06\/e-auto-sarga.svg\" alt=\"elektromos aut\u00f3\">\n                                        <strong>EV-Ladung<\/strong>\n                                    <\/li>\n                                                                    <li class=\"small-li\">\n                                        <img src=\"https:\/\/wagnersolar.hu\/wp-content\/uploads\/2020\/08\/melegviz.svg\" alt=\"Napelem, h\u0151szivatty\u00fa, napkollektor\">\n                                        <strong>Unterst\u00fctzung von Warmwasser<\/strong>\n                                    <\/li>\n                                                        <\/ul>\n                    <\/div>\n                <\/div>\n            <\/div>\n            <div class=\"col-lg-5 order-1 order-lg-2 ml-auto\">\n                                <img class=\"img-fluid border-radius box-shadow\" src=\"https:\/\/wagnersolar.hu\/wp-content\/uploads\/2024\/03\/3-scaled-e1709652445510-768x789.jpg\" alt=\"\">\n            <\/div>\n        <\/div>\n    <\/div>\n<\/section>\n\n\n<section class=\"cover cover--over-hidden position-relative\">\n    <div class=\"cover__zoom-bg\" style=\"background-image: url('https:\/\/wagnersolar.hu\/wp-content\/uploads\/2025\/07\/upload.png')\"><\/div>\n    <div class=\"cover__overlay\"><\/div>\n    <div class=\"container-xl\">\n        <div class=\"row\">\n            <div style=\"background-image: url('https:\/\/wagnersolar.hu\/wp-content\/uploads\/2025\/07\/upload.png')\"\n                class=\"col-md-6 col-lg-7 col-xl-7 cover-mobile-bg\">\n                <h1 class=\"mb-4\">Sind Sie an erneuerbaren Energien interessiert?<\/h1>\n                <div id=\"kontaktieren\"><\/div>\n<p>Z\u00f6gern Sie nicht, uns f\u00fcr erneuerbare Energien zu kontaktieren, und lassen Sie sich von uns durch Ihre energetische Investition begleiten.<\/p>\n<h2 id=\"contact-us\">Kontaktieren Sie uns!<\/h2>\n                               \n                <div class=\"position-relative cover__logos-wrapper__mobile\">\n\n                                    <\/div>\n            <\/div>\n\n                        <div class=\"col-md-12 col-lg-5 col-xl-5\">\n                <div class=\"callback-form\">\n                    <div class=\"custom-gf-wrapper\">\n                        <script type=\"text\/javascript\">\n\/* <![CDATA[ *\/\nvar gform;gform||(document.addEventListener(\"gform_main_scripts_loaded\",function(){gform.scriptsLoaded=!0}),document.addEventListener(\"gform\/theme\/scripts_loaded\",function(){gform.themeScriptsLoaded=!0}),window.addEventListener(\"DOMContentLoaded\",function(){gform.domLoaded=!0}),gform={domLoaded:!1,scriptsLoaded:!1,themeScriptsLoaded:!1,isFormEditor:()=>\"function\"==typeof InitializeEditor,callIfLoaded:function(o){return!(!gform.domLoaded||!gform.scriptsLoaded||!gform.themeScriptsLoaded&&!gform.isFormEditor()||(gform.isFormEditor()&&console.warn(\"The use of gform.initializeOnLoaded() is deprecated in the form editor context and will be removed in Gravity Forms 3.1.\"),o(),0))},initializeOnLoaded:function(o){gform.callIfLoaded(o)||(document.addEventListener(\"gform_main_scripts_loaded\",()=>{gform.scriptsLoaded=!0,gform.callIfLoaded(o)}),document.addEventListener(\"gform\/theme\/scripts_loaded\",()=>{gform.themeScriptsLoaded=!0,gform.callIfLoaded(o)}),window.addEventListener(\"DOMContentLoaded\",()=>{gform.domLoaded=!0,gform.callIfLoaded(o)}))},hooks:{action:{},filter:{}},addAction:function(o,r,e,t){gform.addHook(\"action\",o,r,e,t)},addFilter:function(o,r,e,t){gform.addHook(\"filter\",o,r,e,t)},doAction:function(o){gform.doHook(\"action\",o,arguments)},applyFilters:function(o){return gform.doHook(\"filter\",o,arguments)},removeAction:function(o,r){gform.removeHook(\"action\",o,r)},removeFilter:function(o,r,e){gform.removeHook(\"filter\",o,r,e)},addHook:function(o,r,e,t,n){null==gform.hooks[o][r]&&(gform.hooks[o][r]=[]);var d=gform.hooks[o][r];null==n&&(n=r+\"_\"+d.length),gform.hooks[o][r].push({tag:n,callable:e,priority:t=null==t?10:t})},doHook:function(r,o,e){var t;if(e=Array.prototype.slice.call(e,1),null!=gform.hooks[r][o]&&((o=gform.hooks[r][o]).sort(function(o,r){return o.priority-r.priority}),o.forEach(function(o){\"function\"!=typeof(t=o.callable)&&(t=window[t]),\"action\"==r?t.apply(null,e):e[0]=t.apply(null,e)})),\"filter\"==r)return e[0]},removeHook:function(o,r,t,n){var e;null!=gform.hooks[o][r]&&(e=(e=gform.hooks[o][r]).filter(function(o,r,e){return!!(null!=n&&n!=o.tag||null!=t&&t!=o.priority)}),gform.hooks[o][r]=e)}});\n\/* ]]> *\/\n<\/script>\n\n                <div class='gf_browser_gecko gform_wrapper gravity-theme gform-theme--no-framework' data-form-theme='gravity-theme' data-form-index='0' id='gform_wrapper_59' >\n                        <div class='gform_heading'>\n                            <h2 class=\"gform_title\">Bitte konsultieren Sie mich!<\/h2>\n                            <p class='gform_description'><\/p>\n                        <\/div><form method='post' enctype='multipart\/form-data'  id='gform_59'  action='\/de\/wp-json\/wp\/v2\/pages\/50791' data-formid='59' novalidate>\n                        <div class='gform-body gform_body'><div id='gform_fields_59' class='gform_fields top_label form_sublabel_below description_below validation_below'><div id=\"field_59_38\" class=\"gfield gfield--type-honeypot gform_validation_container field_sublabel_below gfield--has-description field_description_below field_validation_below gfield_visibility_visible\"  ><label class='gfield_label gform-field-label' for='input_59_38'>Name<\/label><div class='ginput_container'><input name='input_38' id='input_59_38' type='text' value='' autocomplete='new-password'\/><\/div><div class='gfield_description' id='gfield_description_59_38'>Dieses Feld dient zur Validierung und sollte nicht ver\u00e4ndert werden.<\/div><\/div><fieldset id=\"field_59_7\" class=\"gfield gfield--type-name gfield--input-type-name gfield--width-full gfield_contains_required field_sublabel_below gfield--no-description field_description_below field_validation_below gfield_visibility_visible\"  ><legend class='gfield_label gform-field-label gfield_label_before_complex' >Name<span class=\"gfield_required\"><span class=\"gfield_required gfield_required_text\">(erforderlich)<\/span><\/span><\/legend><div class='ginput_complex ginput_container ginput_container--name no_prefix has_first_name no_middle_name has_last_name no_suffix gf_name_has_2 ginput_container_name gform-grid-row' id='input_59_7'>\n                            \n                            <span id='input_59_7_3_container' class='name_first gform-grid-col gform-grid-col--size-auto' >\n                                                    <input type='text' name='input_7.3' id='input_59_7_3' value=''   aria-required='true'     \/>\n                                                    <label for='input_59_7_3' class='gform-field-label gform-field-label--type-sub '>Nachname<\/label>\n                                                <\/span>\n                            \n                            <span id='input_59_7_6_container' class='name_last gform-grid-col gform-grid-col--size-auto' >\n                                                    <input type='text' name='input_7.6' id='input_59_7_6' value=''   aria-required='true'     \/>\n                                                    <label for='input_59_7_6' class='gform-field-label gform-field-label--type-sub '>Vorname<\/label>\n                                                <\/span>\n                            \n                        <\/div><\/fieldset><div id=\"field_59_8\" class=\"gfield gfield--type-email gfield--input-type-email gfield--width-full gfield_contains_required field_sublabel_below gfield--no-description field_description_below field_validation_below gfield_visibility_visible\"  ><label class='gfield_label gform-field-label' for='input_59_8'>Email<span class=\"gfield_required\"><span class=\"gfield_required gfield_required_text\">(erforderlich)<\/span><\/span><\/label><div class='ginput_container ginput_container_email'>\n                            <input name='input_8' id='input_59_8' type='email' value='' class='large'    aria-required=\"true\" aria-invalid=\"false\"  \/>\n                        <\/div><\/div><div id=\"field_59_9\" class=\"gfield gfield--type-phone gfield--input-type-phone gfield--width-full gfield_contains_required field_sublabel_below gfield--no-description field_description_below field_validation_below gfield_visibility_visible\"  ><label class='gfield_label gform-field-label' for='input_59_9'>Telefon<span class=\"gfield_required\"><span class=\"gfield_required gfield_required_text\">(erforderlich)<\/span><\/span><\/label><div class='ginput_container ginput_container_phone'><input name='input_9' id='input_59_9' type='tel' value='' class='large'   aria-required=\"true\" aria-invalid=\"false\"   \/><\/div><\/div><fieldset id=\"field_59_29\" class=\"gfield gfield--type-checkbox gfield--type-choice gfield--input-type-checkbox gfield--width-full gfield_contains_required field_sublabel_below gfield--no-description field_description_below field_validation_below gfield_visibility_visible\"  ><legend class='gfield_label gform-field-label gfield_label_before_complex' >Ich bin interessiert als<span class=\"gfield_required\"><span class=\"gfield_required gfield_required_text\">(erforderlich)<\/span><\/span><\/legend><div class='ginput_container ginput_container_checkbox'><div class='gfield_checkbox ' id='input_59_29'><div class='gchoice gchoice_59_29_1'>\n\t\t\t\t\t\t\t\t<input class='gfield-choice-input' name='input_29.1' type='checkbox'  value='Privatperson'  id='choice_59_29_1'   \/>\n\t\t\t\t\t\t\t\t<label for='choice_59_29_1' id='label_59_29_1' class='gform-field-label gform-field-label--type-inline'>Privatperson<\/label>\n\t\t\t\t\t\t\t<\/div><div class='gchoice gchoice_59_29_2'>\n\t\t\t\t\t\t\t\t<input class='gfield-choice-input' name='input_29.2' type='checkbox'  value='Unternehmen'  id='choice_59_29_2'   \/>\n\t\t\t\t\t\t\t\t<label for='choice_59_29_2' id='label_59_29_2' class='gform-field-label gform-field-label--type-inline'>Unternehmen<\/label>\n\t\t\t\t\t\t\t<\/div><\/div><\/div><\/fieldset><fieldset id=\"field_59_36\" class=\"gfield gfield--type-checkbox gfield--type-choice gfield--input-type-checkbox gfield--width-full gfield_contains_required field_sublabel_below gfield--no-description field_description_below field_validation_below gfield_visibility_visible\"  ><legend class='gfield_label gform-field-label gfield_label_before_complex' >Ich interessiere mich f\u00fcr<span class=\"gfield_required\"><span class=\"gfield_required gfield_required_text\">(erforderlich)<\/span><\/span><\/legend><div class='ginput_container ginput_container_checkbox'><div class='gfield_checkbox ' id='input_59_36'><div class='gchoice gchoice_59_36_1'>\n\t\t\t\t\t\t\t\t<input class='gfield-choice-input' name='input_36.1' type='checkbox'  value='Photovoltaikmodule'  id='choice_59_36_1'   \/>\n\t\t\t\t\t\t\t\t<label for='choice_59_36_1' id='label_59_36_1' class='gform-field-label gform-field-label--type-inline'>Photovoltaikmodule<\/label>\n\t\t\t\t\t\t\t<\/div><div class='gchoice gchoice_59_36_2'>\n\t\t\t\t\t\t\t\t<input class='gfield-choice-input' name='input_36.2' type='checkbox'  value='Elektroautoladeger\u00e4t\/ Elektromobilit\u00e4t'  id='choice_59_36_2'   \/>\n\t\t\t\t\t\t\t\t<label for='choice_59_36_2' id='label_59_36_2' class='gform-field-label gform-field-label--type-inline'>Elektroautoladeger\u00e4t\/ Elektromobilit\u00e4t<\/label>\n\t\t\t\t\t\t\t<\/div><div class='gchoice gchoice_59_36_3'>\n\t\t\t\t\t\t\t\t<input class='gfield-choice-input' name='input_36.3' type='checkbox'  value='Solarw\u00e4rmeboiler'  id='choice_59_36_3'   \/>\n\t\t\t\t\t\t\t\t<label for='choice_59_36_3' id='label_59_36_3' class='gform-field-label gform-field-label--type-inline'>Solarw\u00e4rmeboiler<\/label>\n\t\t\t\t\t\t\t<\/div><div class='gchoice gchoice_59_36_4'>\n\t\t\t\t\t\t\t\t<input class='gfield-choice-input' name='input_36.4' type='checkbox'  value='Solarkollektoren'  id='choice_59_36_4'   \/>\n\t\t\t\t\t\t\t\t<label for='choice_59_36_4' id='label_59_36_4' class='gform-field-label gform-field-label--type-inline'>Solarkollektoren<\/label>\n\t\t\t\t\t\t\t<\/div><div class='gchoice gchoice_59_36_5'>\n\t\t\t\t\t\t\t\t<input class='gfield-choice-input' name='input_36.5' type='checkbox'  value='Schwimmbadheizung'  id='choice_59_36_5'   \/>\n\t\t\t\t\t\t\t\t<label for='choice_59_36_5' id='label_59_36_5' class='gform-field-label gform-field-label--type-inline'>Schwimmbadheizung<\/label>\n\t\t\t\t\t\t\t<\/div><div class='gchoice gchoice_59_36_6'>\n\t\t\t\t\t\t\t\t<input class='gfield-choice-input' name='input_36.6' type='checkbox'  value='W\u00e4rmer\u00fcckgewinnungsl\u00fcftung'  id='choice_59_36_6'   \/>\n\t\t\t\t\t\t\t\t<label for='choice_59_36_6' id='label_59_36_6' class='gform-field-label gform-field-label--type-inline'>W\u00e4rmer\u00fcckgewinnungsl\u00fcftung<\/label>\n\t\t\t\t\t\t\t<\/div><div class='gchoice gchoice_59_36_7'>\n\t\t\t\t\t\t\t\t<input class='gfield-choice-input' name='input_36.7' type='checkbox'  value='W\u00e4rmepumpe und Gebl\u00e4sekonvektor'  id='choice_59_36_7'   \/>\n\t\t\t\t\t\t\t\t<label for='choice_59_36_7' id='label_59_36_7' class='gform-field-label gform-field-label--type-inline'>W\u00e4rmepumpe und Gebl\u00e4sekonvektor<\/label>\n\t\t\t\t\t\t\t<\/div><div class='gchoice gchoice_59_36_8'>\n\t\t\t\t\t\t\t\t<input class='gfield-choice-input' name='input_36.8' type='checkbox'  value='Heizen-K\u00fchlen AC'  id='choice_59_36_8'   \/>\n\t\t\t\t\t\t\t\t<label for='choice_59_36_8' id='label_59_36_8' class='gform-field-label gform-field-label--type-inline'>Heizen-K\u00fchlen AC<\/label>\n\t\t\t\t\t\t\t<\/div><\/div><\/div><\/fieldset><fieldset id=\"field_59_28\" class=\"gfield gfield--type-checkbox gfield--type-choice gfield--input-type-checkbox gfield--width-full field_sublabel_below gfield--no-description field_description_below field_validation_below gfield_visibility_visible\"  ><legend class='gfield_label gform-field-label gfield_label_before_complex' >Newsletter-Anmeldung:<\/legend><div class='ginput_container ginput_container_checkbox'><div class='gfield_checkbox ' id='input_59_28'><div class='gchoice gchoice_59_28_1'>\n\t\t\t\t\t\t\t\t<input class='gfield-choice-input' name='input_28.1' type='checkbox'  value='Ich melde mich an'  id='choice_59_28_1'   \/>\n\t\t\t\t\t\t\t\t<label for='choice_59_28_1' id='label_59_28_1' class='gform-field-label gform-field-label--type-inline'>Ich melde mich an<\/label>\n\t\t\t\t\t\t\t<\/div><\/div><\/div><\/fieldset><fieldset id=\"field_59_11\" class=\"gfield gfield--type-checkbox gfield--type-choice gfield--input-type-checkbox gfield--width-full gfield_contains_required field_sublabel_below gfield--no-description field_description_below field_validation_below gfield_visibility_visible\"  ><legend class='gfield_label gform-field-label gfield_label_before_complex' >Data management consent<span class=\"gfield_required\"><span class=\"gfield_required gfield_required_text\">(erforderlich)<\/span><\/span><\/legend><div class='ginput_container ginput_container_checkbox'><div class='gfield_checkbox ' id='input_59_11'><div class='gchoice gchoice_59_11_1'>\n\t\t\t\t\t\t\t\t<input class='gfield-choice-input' name='input_11.1' type='checkbox'  value='1'  id='choice_59_11_1'   \/>\n\t\t\t\t\t\t\t\t<label for='choice_59_11_1' id='label_59_11_1' class='gform-field-label gform-field-label--type-inline'>I consent to the management of my data in the CRM system of WAGNER SOLAR HUNG\u00c1RIA Kft. and I accept the privacy statement<\/label>\n\t\t\t\t\t\t\t<\/div><\/div><\/div><\/fieldset><div id=\"field_59_12\" class=\"gfield gfield--type-hidden gfield--input-type-hidden gfield--width-full gform_hidden field_sublabel_below gfield--no-description field_description_below field_validation_below gfield_visibility_visible\"  ><div class='ginput_container ginput_container_text'><input name='input_12' id='input_59_12' type='hidden' class='gform_hidden'  aria-invalid=\"false\" value='' \/><\/div><\/div><div id=\"field_59_13\" class=\"gfield gfield--type-hidden gfield--input-type-hidden gfield--width-full gform_hidden field_sublabel_below gfield--no-description field_description_below field_validation_below gfield_visibility_visible\"  ><div class='ginput_container ginput_container_text'><input name='input_13' id='input_59_13' type='hidden' class='gform_hidden'  aria-invalid=\"false\" value='' \/><\/div><\/div><div id=\"field_59_14\" class=\"gfield gfield--type-hidden gfield--input-type-hidden gfield--width-full gform_hidden field_sublabel_below gfield--no-description field_description_below field_validation_below gfield_visibility_visible\"  ><div class='ginput_container ginput_container_text'><input name='input_14' id='input_59_14' type='hidden' class='gform_hidden'  aria-invalid=\"false\" value='' \/><\/div><\/div><div id=\"field_59_15\" class=\"gfield gfield--type-hidden gfield--input-type-hidden gfield--width-full gform_hidden field_sublabel_below gfield--no-description field_description_below field_validation_below gfield_visibility_visible\"  ><div class='ginput_container ginput_container_text'><input name='input_15' id='input_59_15' type='hidden' class='gform_hidden'  aria-invalid=\"false\" value='' \/><\/div><\/div><div id=\"field_59_16\" class=\"gfield gfield--type-hidden gfield--input-type-hidden gfield--width-full gform_hidden field_sublabel_below gfield--no-description field_description_below field_validation_below gfield_visibility_visible\"  ><div class='ginput_container ginput_container_text'><input name='input_16' id='input_59_16' type='hidden' class='gform_hidden'  aria-invalid=\"false\" value='' \/><\/div><\/div><div id=\"field_59_37\" class=\"gfield gfield--type-captcha gfield--input-type-captcha gfield--width-full field_sublabel_below gfield--no-description field_description_below field_validation_below gfield_visibility_visible\"  ><label class='gfield_label gform-field-label' for='input_59_37'>CAPTCHA<\/label><div id='input_59_37' class='ginput_container ginput_recaptcha' data-sitekey='6LcwrGUsAAAAADdL0n7paQrsFvKtJDYV-IsYsYHs'  data-theme='light' data-tabindex='-1' data-size='invisible' data-badge='bottomright'><\/div><\/div><\/div><\/div>\n        <div class='gform-footer gform_footer top_label'> <input type='submit' id='gform_submit_button_59' class='gform_button button' onclick='gform.submission.handleButtonClick(this);' data-submission-type='submit' value='Absenden'  \/> \n            <input type='hidden' class='gform_hidden' name='gform_submission_method' data-js='gform_submission_method_59' value='postback' \/>\n            <input type='hidden' class='gform_hidden' name='gform_theme' data-js='gform_theme_59' id='gform_theme_59' value='gravity-theme' \/>\n            <input type='hidden' class='gform_hidden' name='gform_style_settings' data-js='gform_style_settings_59' id='gform_style_settings_59' value='[]' \/>\n            <input type='hidden' class='gform_hidden' name='is_submit_59' value='1' \/>\n            <input type='hidden' class='gform_hidden' name='gform_submit' value='59' \/>\n            \n            <input type='hidden' class='gform_hidden' name='gform_currency' data-currency='HUF' value='bl3+oiXGZiJ4uxzOC5aAd+e\/GvJ8Jh6a3hZfv3hNL2+5u5d0AHqmSgy82K6NCf39MTvVxyOBI+ohnzVqyZXG+td2jhj5TR7GF26PSfKhaL2rk5c=' \/>\n            <input type='hidden' class='gform_hidden' name='gform_unique_id' value='' \/>\n            <input type='hidden' class='gform_hidden' name='state_59' value='WyJ7XCIyOS4xXCI6XCJjNWI2ZDU3NDQ5NmYyN2ZjNjk3Y2Y0MmFhNTg3N2ZkZVwiLFwiMjkuMlwiOlwiMGY4OGJkZjEyNjYzZGQyOWU3YzVjMmE3YmQxMTJmMjBcIixcIjM2LjFcIjpcImZmN2RjZjRkMzlkYjVhYzM4NGYwZDBlOTI2MjM3YWFmXCIsXCIzNi4yXCI6XCJmOTdiN2JiYmQzMTg4NTczZTdiOWQ0MTQwYmEwNTI0MlwiLFwiMzYuM1wiOlwiMTg4MmIwMTU1Yjg1YzQ1MjM3NzVjOWIwZTZmNGVmMDRcIixcIjM2LjRcIjpcIjc2YjVkOWJjZDYyNzlmMGNkNjVjY2IwOTRjMWNkMGFiXCIsXCIzNi41XCI6XCJhY2Q4MGI5ZWVlOWVhZWVkNTdiYTUxMjVkOGVkYjAxZVwiLFwiMzYuNlwiOlwiMTU4YWU4NTkzNjk4ZDJiNzdmM2FhM2E4YmFkZDU1ZWJcIixcIjM2LjdcIjpcIjg4NWI4NzdhNmFjYzUyNWUxMGFmMDc3YWY3ODA1YWIxXCIsXCIzNi44XCI6XCI1MDEyNmU3OGQ5YTBjNGIwOTVkZmE0ZGI3NGU3M2I5ZlwiLFwiMjguMVwiOlwiNTAxZWQ1ODkzMDdkODhmMzcxYTU2OWMwNjU0MzkzNGRcIixcIjExLjFcIjpcImU1OWZmNGVjOTAyMDYzZWJhMDk4NDc2MzFiMjk2NjNkXCJ9IiwiNGE2YjBlOTVhZTI4MjYwNjU4MTU5NjRmZjU1NjhjYTQiXQ==' \/>\n            <input type='hidden' autocomplete='off' class='gform_hidden' name='gform_target_page_number_59' id='gform_target_page_number_59' value='0' \/>\n            <input type='hidden' autocomplete='off' class='gform_hidden' name='gform_source_page_number_59' id='gform_source_page_number_59' value='1' \/>\n            <input type='hidden' name='gform_field_values' value='' \/>\n            \n        <\/div>\n                        <\/form>\n                        <\/div><script type=\"text\/javascript\">\n\/* <![CDATA[ *\/\n gform.initializeOnLoaded( function() {gformInitSpinner( 59, 'https:\/\/wagnersolar.hu\/wp-content\/plugins\/gravityforms\/images\/spinner.svg', true );jQuery('#gform_ajax_frame_59').on('load',function(){var contents = jQuery(this).contents().find('*').html();var is_postback = contents.indexOf('GF_AJAX_POSTBACK') >= 0;if(!is_postback){return;}var form_content = jQuery(this).contents().find('#gform_wrapper_59');var is_confirmation = jQuery(this).contents().find('#gform_confirmation_wrapper_59').length > 0;var is_redirect = contents.indexOf('gformRedirect(){') >= 0;var is_form = form_content.length > 0 && ! is_redirect && ! is_confirmation;var mt = parseInt(jQuery('html').css('margin-top'), 10) + parseInt(jQuery('body').css('margin-top'), 10) + 100;if(is_form){jQuery('#gform_wrapper_59').html(form_content.html());if(form_content.hasClass('gform_validation_error')){jQuery('#gform_wrapper_59').addClass('gform_validation_error');} else {jQuery('#gform_wrapper_59').removeClass('gform_validation_error');}setTimeout( function() { \/* delay the scroll by 50 milliseconds to fix a bug in chrome *\/  }, 50 );if(window['gformInitDatepicker']) {gformInitDatepicker();}if(window['gformInitPriceFields']) {gformInitPriceFields();}var current_page = jQuery('#gform_source_page_number_59').val();gformInitSpinner( 59, 'https:\/\/wagnersolar.hu\/wp-content\/plugins\/gravityforms\/images\/spinner.svg', true );jQuery(document).trigger('gform_page_loaded', [59, current_page]);window['gf_submitting_59'] = false;}else if(!is_redirect){var confirmation_content = jQuery(this).contents().find('.GF_AJAX_POSTBACK').html();if(!confirmation_content){confirmation_content = contents;}jQuery('#gform_wrapper_59').replaceWith(confirmation_content);jQuery(document).trigger('gform_confirmation_loaded', [59]);window['gf_submitting_59'] = false;wp.a11y.speak(jQuery('#gform_confirmation_message_59').text());}else{jQuery('#gform_59').append(contents);if(window['gformRedirect']) {gformRedirect();}}jQuery(document).trigger(\"gform_pre_post_render\", [{ formId: \"59\", currentPage: \"current_page\", abort: function() { this.preventDefault(); } }]);        if (event && event.defaultPrevented) {                return;        }        const gformWrapperDiv = document.getElementById( \"gform_wrapper_59\" );        if ( gformWrapperDiv ) {            const visibilitySpan = document.createElement( \"span\" );            visibilitySpan.id = \"gform_visibility_test_59\";            gformWrapperDiv.insertAdjacentElement( \"afterend\", visibilitySpan );        }        const visibilityTestDiv = document.getElementById( \"gform_visibility_test_59\" );        let postRenderFired = false;        function triggerPostRender() {            if ( postRenderFired ) {                return;            }            postRenderFired = true;            gform.core.triggerPostRenderEvents( 59, current_page );            if ( visibilityTestDiv ) {                visibilityTestDiv.parentNode.removeChild( visibilityTestDiv );            }        }        function debounce( func, wait, immediate ) {            var timeout;            return function() {                var context = this, args = arguments;                var later = function() {                    timeout = null;                    if ( !immediate ) func.apply( context, args );                };                var callNow = immediate && !timeout;                clearTimeout( timeout );                timeout = setTimeout( later, wait );                if ( callNow ) func.apply( context, args );            };        }        const debouncedTriggerPostRender = debounce( function() {            triggerPostRender();        }, 200 );        if ( visibilityTestDiv && visibilityTestDiv.offsetParent === null ) {            const observer = new MutationObserver( ( mutations ) => {                mutations.forEach( ( mutation ) => {                    if ( mutation.type === 'attributes' && visibilityTestDiv.offsetParent !== null ) {                        debouncedTriggerPostRender();                        observer.disconnect();                    }                });            });            observer.observe( document.body, {                attributes: true,                childList: false,                subtree: true,                attributeFilter: [ 'style', 'class' ],            });        } else {            triggerPostRender();        }    } );} ); \n\/* ]]> *\/\n<\/script>\n                    <\/div>\n\n                    <div class=\"callback-form__bottom-text\">\n                                            <\/div>\n                <\/div>\n            <\/div>\n            \n\n        <\/div>\n    <\/div>\n\n    \n<\/section>\n\n\n<section class=\"numbers-container box-shadow--content-box\">\n    <div class=\"container-xl text-center\">\n        <div class=\"row\">\n            <div class=\"col-12\">\n                <h2 class=\"size--h1\">Unser Unternehmen in Zahlen<\/h2>\n            <\/div>\n        <\/div>\n        <div class=\"row justify-content-center numbers\">\n\n                                <div class=\"col-6 col-sm-4 col-md order-1 order-md-1 \">\n                        <div class=\"number number--ver\">\n                            <img src=\"https:\/\/wagnersolar.hu\/wp-content\/uploads\/2020\/04\/icon05-1.svg\" alt=\"jelent\u0151s szakmai tapasztalat\">\n                            <h2 class=\"size--h1\"><span>24<\/span><\/h2>\n                            <p>Jahrelange Erfahrung<\/p>\n                        <\/div>\n                    <\/div>\n                                    <div class=\"col-6 col-sm-4 col-md order-1 order-md-1 \">\n                        <div class=\"number number--ver\">\n                            <img src=\"https:\/\/wagnersolar.hu\/wp-content\/uploads\/2020\/04\/icon06-1.svg\" alt=\"t\u00f6bbezer telep\u00edtett napelem rendszer, h\u0151szivatty\u00fa rendszer\">\n                            <h2 class=\"size--h1\"><span>5500<\/span><\/h2>\n                            <p>INSTALLIERTES SYSTEM<\/p>\n                        <\/div>\n                    <\/div>\n                                    <div class=\"col-6 col-sm-4 col-md order-1 order-md-1 mt-5 mt-md-0\">\n                        <div class=\"number number--ver\">\n                            <img src=\"https:\/\/wagnersolar.hu\/wp-content\/uploads\/2020\/04\/icon07-1.svg\" alt=\"t\u00f6bbmilli\u00f3 kWh megtermelt energia\">\n                            <h2 class=\"size--h1\"><span>140,698,000 <\/span><\/h2>\n                            <p>ERZEUGTE ENERGIE (KWH)<\/p>\n                        <\/div>\n                    <\/div>\n                                    <div class=\"col-6 col-sm-4 col-md order-1 order-md-1 mt-5 mt-md-0\">\n                        <div class=\"number number--ver\">\n                            <img src=\"https:\/\/wagnersolar.hu\/wp-content\/uploads\/2020\/04\/icon08-1.svg\" alt=\"k\u00f6rnyezetbar\u00e1t meg\u00fajul\u00f3 energia alkalmaz\u00e1s\">\n                            <h2 class=\"size--h1\"><span>45,047<\/span><\/h2>\n                            <p>TONNEN CO2 REDUKTION<\/p>\n                        <\/div>\n                    <\/div>\n                                    <div class=\"col-6 col-sm-4 col-md order-1 order-md-1 mt-5 mt-md-0\">\n                        <div class=\"number number--ver\">\n                            <img src=\"https:\/\/wagnersolar.hu\/wp-content\/uploads\/2020\/04\/icon09-1.svg\" alt=\"orsz\u00e1gos h\u00e1l\u00f3zat\">\n                            <h2 class=\"size--h1\"><span>3<\/span><\/h2>\n                            <p>B\u00fcros IN UNGARN<\/p>\n                        <\/div>\n                    <\/div>\n                \n        <\/div>\n    <\/div>\n<\/section>\n\n\n<section>\n    <div class=\"container-xl\">\n        <div class=\"row\">\n            <div class=\"col-md-12 headline_paragraph_wrapper\">\n                                    <h2 class=\"size--h1\"> Wir konzentrieren uns auf Ihre pers\u00f6nlichen Anforderungen<\/h2>\n                                <p>Erschwingliche bis hochwertige L\u00f6sungen, alles aus einer Hand<\/p>\n            <\/div>\n        <\/div>\n        <div class=\"row\">\n            <div class=\"col-md-1 d-none d-md-block\"><\/div>\n            <div class=\"col-md-5 col-sm-6 col-12\">\n                <ul class=\"icon-ul\">\n                                                <li class=\"align-items-center\"><img class=\"felsorolas-kep\" src=\"https:\/\/wagnersolar.hu\/wp-content\/uploads\/2020\/08\/epulet-2.svg\" alt=\"Napelem, h\u0151szivatty\u00fa, napkollektor, h\u0151visszanyer\u0151 szell\u0151ztet\u0151, pellet kaz\u00e1n\"><strong>Gut geschultes und erfahrenes Mitarbeiterteam (40 Personen) sorgt f\u00fcr eine schnelle und ordnungsgem\u00e4\u00dfe Ausf\u00fchrung<\/strong><\/li>\n                                                    <li class=\"align-items-center\"><img class=\"felsorolas-kep\" src=\"https:\/\/wagnersolar.hu\/wp-content\/uploads\/2020\/08\/szerviz.svg\" alt=\"Napelem, h\u0151szivatty\u00fa, napkollektor, h\u0151visszanyer\u0151 szell\u0151ztet\u0151, pellet kaz\u00e1n\"><strong>Saubere und schnelle Bauausf\u00fchrung f\u00fcr die Energieeffizienz Ihres Hauses<\/strong><\/li>\n                                                    <li class=\"align-items-center\"><img class=\"felsorolas-kep\" src=\"https:\/\/wagnersolar.hu\/wp-content\/uploads\/2020\/08\/csalad.svg\" alt=\"Napelem, h\u0151szivatty\u00fa, napkollektor, h\u0151visszanyer\u0151 szell\u0151ztet\u0151, pellet kaz\u00e1n\"><strong>Kontakt zu uns nach dem Bau f\u00fcr Unterst\u00fctzung<\/strong><\/li>\n                                                    <li class=\"align-items-center\"><img class=\"felsorolas-kep\" src=\"https:\/\/wagnersolar.hu\/wp-content\/uploads\/2020\/08\/megtakaritas.svg\" alt=\"Napelem, h\u0151szivatty\u00fa, napkollektor, h\u0151visszanyer\u0151 szell\u0151ztet\u0151, pellet kaz\u00e1n\"><strong>Keine versteckten Geb\u00fchren<\/strong><\/li>\n                                        <\/ul>\n            <\/div>\n            <div class=\"col-md-5 col-sm-6 col-12\">\n                <ul class=\"icon-ul\">\n                                                <li class=\"align-items-center\"><img class=\"felsorolas-kep\" src=\"https:\/\/wagnersolar.hu\/wp-content\/uploads\/2020\/08\/napelem-1.svg\" alt=\"Meg\u00fajul\u00f3 energia kulcsrak\u00e9szen szak\u00e9rt\u0151t\u0151l\"><strong>\u201eSchl\u00fcsselfertige\u201c L\u00f6sungen - vom Entwurf bis zur Ausf\u00fchrung<\/strong><\/li>\n                                                    <li class=\"align-items-center\"><img class=\"felsorolas-kep\" src=\"https:\/\/wagnersolar.hu\/wp-content\/uploads\/2020\/05\/mdi-lock-smart.svg\" alt=\"Sz\u00ednes term\u00e9kpaletta, komplex energetikai megold\u00e1sok meg\u00fajul\u00f3 energi\u00e1val\"><strong>Komplexe L\u00f6sungen in der Energetik, bunte Produktpalette<\/strong><\/li>\n                                                    <li class=\"align-items-center\"><img class=\"felsorolas-kep\" src=\"https:\/\/wagnersolar.hu\/wp-content\/uploads\/2020\/08\/nap.svg\" alt=\"Napelem, h\u0151szivatty\u00fa, napkollektor, h\u0151visszanyer\u0151 szell\u0151ztet\u0151, pellet kaz\u00e1n\"><strong>Jahrzehntelange Erfahrung<\/strong><\/li>\n                                                    <li class=\"align-items-center\"><img class=\"felsorolas-kep\" src=\"https:\/\/wagnersolar.hu\/wp-content\/uploads\/2020\/05\/map-electrician.svg\" alt=\"Min\u0151s\u00e9g \u00e9s megb\u00edzhat\u00f3s\u00e1g 2002 \u00f3ta\"><strong>Qualit\u00e4t und Zuverl\u00e4ssigkeit seit 2002<\/strong><\/li>\n                                        <\/ul>\n            <\/div>\n        <\/div>\n    <\/div>\n<\/section>\n\n\n<section>\n    <div class=\"container-xl\">\n        <div class=\"row\">\n            <div class=\"col-md-12 mb-5\">\n                <h2 class=\"size--h1\">Kontaktieren Sie uns f\u00fcr Ihre Investition in Erneuerbare Energien<\/h2>\n            <\/div>\n            <div class=\"col-md-4\">\n                <ol class=\"numbered-list\">\n                                        <li>\n                        Angebotsanforderung in weniger als 1 Minute.                                            <\/li>\n                                        <li>\n                        3 verschiedene Angebote, 3 verschiedene Pakete oder B\u00fcndel                                            <\/li>\n                                        <li>\n                        Beratung und Unterst\u00fctzung durch einen Experten                                            <\/li>\n                                        <li>\n                        Besichtigung vor Ort und endg\u00fcltiges Angebot                                            <\/li>\n                                        <li>\n                        Auftragsvergabe                                            <\/li>\n                                        <li>\n                        Konstruktion                                            <\/li>\n                                    <\/ol>\n                                                    <a href=\"#kontaktieren\" target=\"\" class=\"btn btn-primary mt-4\">Kontaktieren Bitte!<\/a>\n                            <\/div>\n            <div class=\"col-md-8 mt-5 mt-md-0\">\n                                <img class=\"box-shadow w-100 h-auto\" src=\"https:\/\/wagnersolar.hu\/wp-content\/uploads\/2021\/01\/napelem-rendszer-kivitelezes-1-1024x768.jpeg\" alt=\"\">\n            <\/div>\n        <\/div>\n    <\/div>\n<\/section>\n\n\n\n<section>\n    <div class=\"container-xl\">\n        <div class=\"row flex-row-reverse\">\n        \t\t            <div class=\"col-md-5 ml-auto items-on-bottom\">\n\t                <h2 class=\"size--h1\">Wer sind wir?<\/h2>\n\t                <p>Wir haben es uns zur Aufgabe gemacht, den Komfort unserer Kunden durch komplexe, aber umweltfreundliche Technologien zu verbessern und gleichzeitig ihren CO2-Fu\u00dfabdruck zu verringern und ihre Kosten zu senken.<\/p>\n\t                \t                \t            <\/div>\n\t            <div class=\"col-md-6 \">\n\t                <div class=\"video-wrapper video-wrapper--hd\">\n\t                    <iframe loading=\"lazy\" width=\"560\" height=\"315\" src=\"https:\/\/www.youtube.com\/embed\/RF6AJsiD0eI\" frameborder=\"0\" allow=\"accelerometer; autoplay; encrypted-media; gyroscope; picture-in-picture\" allowfullscreen><\/iframe>\n\t                <\/div>\n\t            <\/div>\n            \n        <\/div>\n    <\/div>\n<\/section>\n\n\n\n<section class=\"primary-bg\">\n    <div class=\"container-xl p-relative\">\n        <div class=\"primary-bg__block\"><\/div>\n        <div class=\"row\">\n            <div class=\"col-11 col-md-5\">\n                <h2 class=\"size--h1 mb-1 mb-md-5 pb-2\">Warum Wagner Solar?<\/h2>\n                <p>Weil wir an Qualit\u00e4t und Zuverl\u00e4ssigkeit glauben und an die Kraft unserer jahrzehntelangen Erfahrung!<\/p>\n<p>Weil Kundenzufriedenheit uns antreibt!<\/p>\n\n                <div class=\"row d-flex d-md-none pb-0 pt-3\">\n                    <div class=\"col-9\">\n                        <div class=\"slider-1-container\">\n\n                                                    <div class=\"slide\">\n                                <div class=\"block block--dark block--comment block--comment--xs\">                                    \n                                    <div class=\"block__content\">\n                                        <div class=\"block__content--top\">\n                                            <div>                                        \n                                                <p><strong>H. Zsolt &#8211; DE , 37 <\/strong>Sz\u0151d<\/p>\n                                                <div class=\"block__stars\">\n                                                                                                    <i class=\"fas fa-star\"><\/i>\n                                                                                                    <i class=\"fas fa-star\"><\/i>\n                                                                                                    <i class=\"fas fa-star\"><\/i>\n                                                                                                    <i class=\"fas fa-star\"><\/i>\n                                                                                                    <i class=\"fas fa-star\"><\/i>\n                                                                                                <\/div>\n                                            <\/div>\n                                                                                        <div class=\"block__image\" style=\"background-image: url('https:\/\/wagnersolar.hu\/wp-content\/uploads\/2020\/08\/zsolt-napelem-ugyfelvelemeny-150x150.jpg')\"><\/div>\n                                        <\/div>\n                                        <p>\"Die Verwaltung war schnell und reibungslos, und die Installation der Anlage wurde von Wagner Solar mit gro\u00dfer Sorgfalt durchgef\u00fchrt. Ich freue mich darauf, die Anlage in Betrieb zu nehmen!\"<\/p>\n                                    <\/div>\n                                <\/div>\n                            <\/div>\n                                                    <div class=\"slide\">\n                                <div class=\"block block--dark block--comment block--comment--xs\">                                    \n                                    <div class=\"block__content\">\n                                        <div class=\"block__content--top\">\n                                            <div>                                        \n                                                <p><strong>J. Zsuzsanna &#8211; DE , 33 <\/strong>Felcs\u00fat<\/p>\n                                                <div class=\"block__stars\">\n                                                                                                    <i class=\"fas fa-star\"><\/i>\n                                                                                                    <i class=\"fas fa-star\"><\/i>\n                                                                                                    <i class=\"fas fa-star\"><\/i>\n                                                                                                    <i class=\"fas fa-star\"><\/i>\n                                                                                                    <i class=\"fas fa-star\"><\/i>\n                                                                                                <\/div>\n                                            <\/div>\n                                                                                        <div class=\"block__image\" style=\"background-image: url('https:\/\/wagnersolar.hu\/wp-content\/uploads\/2020\/08\/napelem-ugyfelvelemeny-zsuzsa-150x150.jpg')\"><\/div>\n                                        <\/div>\n                                        <p>\"Eine hilfsbereite, hochqualifizierte Mannschaft! Freundliche, professionelle Kollegen. Schnelle und effiziente Projektabwicklung. Besonders wertvoll ist, dass der gesamte formale Papierkram von der Firma erledigt wird. F\u00fcr uns ist das ein echter Service :)\"<\/p>\n                                    <\/div>\n                                <\/div>\n                            <\/div>\n                                                    <div class=\"slide\">\n                                <div class=\"block block--dark block--comment block--comment--xs\">                                    \n                                    <div class=\"block__content\">\n                                        <div class=\"block__content--top\">\n                                            <div>                                        \n                                                <p><strong>Gy. B\u00e9la &#8211; DE , 60 <\/strong>Budapest<\/p>\n                                                <div class=\"block__stars\">\n                                                                                                    <i class=\"fas fa-star\"><\/i>\n                                                                                                    <i class=\"fas fa-star\"><\/i>\n                                                                                                    <i class=\"fas fa-star\"><\/i>\n                                                                                                    <i class=\"fas fa-star\"><\/i>\n                                                                                                    <i class=\"fas fa-star\"><\/i>\n                                                                                                <\/div>\n                                            <\/div>\n                                                                                        <div class=\"block__image\" style=\"background-image: url('https:\/\/wagnersolar.hu\/wp-content\/uploads\/2020\/08\/ugyfelvelemeny-bela-150x150.jpg')\"><\/div>\n                                        <\/div>\n                                        <p>\"Bei jedem Schritt des Prozesses war ein hohes Ma\u00df an Fachwissen vorhanden. Ich kann es nur jedem empfehlen!\"<\/p>\n                                    <\/div>\n                                <\/div>\n                            <\/div>\n                                                \n                        <\/div>\n                    <\/div>\n                <\/div>\n                                            <\/div>\n            <div class=\"col-md-7 d-none d-md-block\">\n\n                            <div class=\"block block--dark block--comment\">\n                                        <div class=\"block__image\" style=\"background-image: url('https:\/\/wagnersolar.hu\/wp-content\/uploads\/2020\/08\/zsolt-napelem-ugyfelvelemeny-150x150.jpg')\"><\/div>\n                    <div class=\"block__content\">\n                        <div class=\"block__content--top\">\n                            <p><strong>H. Zsolt &#8211; DE , 37 <\/strong>&nbsp; - Sz\u0151d<\/p>\n                            <div class=\"block__stars\">\n                                                            <i class=\"fas fa-star\"><\/i>\n                                                            <i class=\"fas fa-star\"><\/i>\n                                                            <i class=\"fas fa-star\"><\/i>\n                                                            <i class=\"fas fa-star\"><\/i>\n                                                            <i class=\"fas fa-star\"><\/i>\n                                                        <\/div>\n                        <\/div>\n                        <p>\"Die Verwaltung war schnell und reibungslos, und die Installation der Anlage wurde von Wagner Solar mit gro\u00dfer Sorgfalt durchgef\u00fchrt. Ich freue mich darauf, die Anlage in Betrieb zu nehmen!\"<\/p>\n                    <\/div>\n                <\/div>\n\n                            <div class=\"block block--dark block--comment\">\n                                        <div class=\"block__image\" style=\"background-image: url('https:\/\/wagnersolar.hu\/wp-content\/uploads\/2020\/08\/napelem-ugyfelvelemeny-zsuzsa-150x150.jpg')\"><\/div>\n                    <div class=\"block__content\">\n                        <div class=\"block__content--top\">\n                            <p><strong>J. Zsuzsanna &#8211; DE , 33 <\/strong>&nbsp; - Felcs\u00fat<\/p>\n                            <div class=\"block__stars\">\n                                                            <i class=\"fas fa-star\"><\/i>\n                                                            <i class=\"fas fa-star\"><\/i>\n                                                            <i class=\"fas fa-star\"><\/i>\n                                                            <i class=\"fas fa-star\"><\/i>\n                                                            <i class=\"fas fa-star\"><\/i>\n                                                        <\/div>\n                        <\/div>\n                        <p>\"Eine hilfsbereite, hochqualifizierte Mannschaft! Freundliche, professionelle Kollegen. Schnelle und effiziente Projektabwicklung. Besonders wertvoll ist, dass der gesamte formale Papierkram von der Firma erledigt wird. F\u00fcr uns ist das ein echter Service :)\"<\/p>\n                    <\/div>\n                <\/div>\n\n                            <div class=\"block block--dark block--comment\">\n                                        <div class=\"block__image\" style=\"background-image: url('https:\/\/wagnersolar.hu\/wp-content\/uploads\/2020\/08\/ugyfelvelemeny-bela-150x150.jpg')\"><\/div>\n                    <div class=\"block__content\">\n                        <div class=\"block__content--top\">\n                            <p><strong>Gy. B\u00e9la &#8211; DE , 60 <\/strong>&nbsp; - Budapest<\/p>\n                            <div class=\"block__stars\">\n                                                            <i class=\"fas fa-star\"><\/i>\n                                                            <i class=\"fas fa-star\"><\/i>\n                                                            <i class=\"fas fa-star\"><\/i>\n                                                            <i class=\"fas fa-star\"><\/i>\n                                                            <i class=\"fas fa-star\"><\/i>\n                                                        <\/div>\n                        <\/div>\n                        <p>\"Bei jedem Schritt des Prozesses war ein hohes Ma\u00df an Fachwissen vorhanden. Ich kann es nur jedem empfehlen!\"<\/p>\n                    <\/div>\n                <\/div>\n\n                        \n            <\/div>\n        <\/div>\n    <\/div>\n<\/section>\n\n\n\n<section class=\"primary-bg primary-bg--mb\">\n    <div class=\"container-xl p-relative\">\n        <div class=\"primary-bg__block primary-bg__block--lg\"><\/div>\n        <div class=\"row row--p-xs pb-0\">\n            <div class=\"col-md-10 col-lg-8 yellow-fleck-text-wrapper\">\n                <h2 class=\"size--h1--xs\">Presse<\/h2>\n                <p>Seit 2002 haben wir ein Team von sehr erfahrenen Experten aufgebaut und werden h\u00e4ufig um Interviews gebeten. Dar\u00fcber hinaus f\u00fchren wir seit mehreren Jahren eigene unabh\u00e4ngige Untersuchungen durch, um den Markt f\u00fcr erneuerbare Energien besser zu verstehen und die Ergebnisse zu ver\u00f6ffentlichen.<\/p>            <\/div>\n            <div class=\"col-12 text-center\">\n                <div class=\"block block--dark block--image-container\">\n                                                                                                    <div class=\"image\" style=\"-webkit-mask: url(https:\/\/wagnersolar.hu\/wp-content\/uploads\/2024\/01\/telex_logo_feher.svg) no-repeat center \/ contain; mask: url(https:\/\/wagnersolar.hu\/wp-content\/uploads\/2024\/01\/telex_logo_feher.svg) no-repeat center \/ contain; \">\n                                                                        <a href=\"https:\/\/telex.hu\/pr-cikk\/2023\/11\/09\/a-szaldo-elszamolas-volt-a-kanaan-de-ezutan-is-megeri-telepiteni-x?fbclid=IwAR3r1nfP-xC9rYKMiwKqnFssnGMhq1uIZBoOprP9WGgJmJ84nZJ5lekgxGU\" target=\"_blank\">\n                                                                            <\/a>\n                                            <\/div>\n                                                                                                    <div class=\"image\" style=\"-webkit-mask: url(https:\/\/wagnersolar.hu\/wp-content\/uploads\/2023\/11\/NRG_report_logo_feher_keret-01.svg) no-repeat center \/ contain; mask: url(https:\/\/wagnersolar.hu\/wp-content\/uploads\/2023\/11\/NRG_report_logo_feher_keret-01.svg) no-repeat center \/ contain; \">\n                                                                        <a href=\"https:\/\/nrgreport.com\/cikk\/2023\/11\/08\/mit-tud-egy-75-millio-forintos-napelemes-rendszer-es-mennyi-ido-alatt-terul-meg\/?fbclid=IwAR28ERgCI0kJgS1PWzDZAY-qv-n05VbsFLRfZcct_PXvGH_e8d1B3WHzcOs\" target=\"_blank\">\n                                                                            <\/a>\n                                            <\/div>\n                                                                                                    <div class=\"image\" style=\"-webkit-mask: url(https:\/\/wagnersolar.hu\/wp-content\/uploads\/2021\/06\/1index_feher.png) no-repeat center \/ contain; mask: url(https:\/\/wagnersolar.hu\/wp-content\/uploads\/2021\/06\/1index_feher.png) no-repeat center \/ contain; \">\n                                                                        <a href=\"https:\/\/index.hu\/gazdasag\/2023\/04\/17\/napelem-megujulo-energia-napenergia-energiavalsag\/?fbclid=IwAR2wpf2tq0gLxvovMb56k5IhTsueJPQx8RSC_X_m9NYvUBK_CC-3S3bHeoA\" target=\"_blank\">\n                                                                            <\/a>\n                                            <\/div>\n                                                                                                    <div class=\"image\" style=\"-webkit-mask: url(https:\/\/wagnersolar.hu\/wp-content\/uploads\/2022\/10\/Penzcentrum.logo_.2021_feher.png) no-repeat center \/ contain; mask: url(https:\/\/wagnersolar.hu\/wp-content\/uploads\/2022\/10\/Penzcentrum.logo_.2021_feher.png) no-repeat center \/ contain; \">\n                                                                        <a href=\"https:\/\/www.penzcentrum.hu\/otthon\/20221027\/ujabb-csavar-a-napelemeknel-errol-mindenkinek-tudnia-kell-aki-ilyen-rendszerben-gondolkodik-1130385\" target=\"_blank\">\n                                                                            <\/a>\n                                            <\/div>\n                                                                                                    <div class=\"image\" style=\"-webkit-mask: url(https:\/\/wagnersolar.hu\/wp-content\/uploads\/2021\/06\/hvg-hu-social-logo_feher.png) no-repeat center \/ contain; mask: url(https:\/\/wagnersolar.hu\/wp-content\/uploads\/2021\/06\/hvg-hu-social-logo_feher.png) no-repeat center \/ contain; \">\n                                                                        <a href=\"https:\/\/hvg.hu\/zhvg\/20210601_napelem__nulla_forintos_villanyszamla\" target=\"_blank\">\n                                                                            <\/a>\n                                            <\/div>\n                                                                                                    <div class=\"image\" style=\"-webkit-mask: url(https:\/\/wagnersolar.hu\/wp-content\/uploads\/2023\/04\/forbes-feher-hatter-nelkul-crop.svg) no-repeat center \/ contain; mask: url(https:\/\/wagnersolar.hu\/wp-content\/uploads\/2023\/04\/forbes-feher-hatter-nelkul-crop.svg) no-repeat center \/ contain; \">\n                                                                        <a href=\"https:\/\/forbes.hu\/uzlet\/napelem-rendelet-itt-vannak-az-elso-reakciok\/?fbclid=IwAR2vT04_y9U6ytLIsqhzPWvfrCLRbjMLPOxlA7AYZElz28j9vnlwJekCcNs\" target=\"_blank\">\n                                                                            <\/a>\n                                            <\/div>\n                                                                                                    <div class=\"image\" style=\"-webkit-mask: url(https:\/\/wagnersolar.hu\/wp-content\/uploads\/2023\/04\/magyarbrands-vector-logo-feher.svg) no-repeat center \/ contain; mask: url(https:\/\/wagnersolar.hu\/wp-content\/uploads\/2023\/04\/magyarbrands-vector-logo-feher.svg) no-repeat center \/ contain; \">\n                                                                        <a href=\"https:\/\/magyarbrands.hu\/sajtohirek\/sajtoszoba\/napban-otthon-vannak\/\" target=\"_blank\">\n                                                                            <\/a>\n                                            <\/div>\n                                                                                                    <div class=\"image\" style=\"-webkit-mask: url(https:\/\/wagnersolar.hu\/wp-content\/uploads\/2023\/04\/BET-egyszerusitett_logo-feher-01.svg) no-repeat center \/ contain; mask: url(https:\/\/wagnersolar.hu\/wp-content\/uploads\/2023\/04\/BET-egyszerusitett_logo-feher-01.svg) no-repeat center \/ contain; \">\n                                                                        <a href=\"https:\/\/www.bet.hu\/Kibocsatok\/bet50\/2022\/vallalatok\/napban-otthon-vannak\" target=\"_blank\">\n                                                                            <\/a>\n                                            <\/div>\n                                                                                                    <div class=\"image\" style=\"-webkit-mask: url(https:\/\/wagnersolar.hu\/wp-content\/uploads\/2022\/10\/mnnsz_feher_logo_hosszu.svg) no-repeat center \/ contain; mask: url(https:\/\/wagnersolar.hu\/wp-content\/uploads\/2022\/10\/mnnsz_feher_logo_hosszu.svg) no-repeat center \/ contain; \">\n                                                                        <a href=\"https:\/\/www.mnnsz.hu\/napelemek-mit-mond-a-korlatozas\/\" target=\"_blank\">\n                                                                            <\/a>\n                                            <\/div>\n                                                                                                    <div class=\"image\" style=\"-webkit-mask: url(https:\/\/wagnersolar.hu\/wp-content\/uploads\/2021\/06\/mabisz-logo_feher.png) no-repeat center \/ contain; mask: url(https:\/\/wagnersolar.hu\/wp-content\/uploads\/2021\/06\/mabisz-logo_feher.png) no-repeat center \/ contain; \">\n                                                                        <a href=\"https:\/\/mabisz.hu\/szemle\/?p=41393\" target=\"_blank\">\n                                                                            <\/a>\n                                            <\/div>\n                                                                                                    <div class=\"image\" style=\"-webkit-mask: url(https:\/\/wagnersolar.hu\/wp-content\/uploads\/2021\/06\/24.hu_feher.png) no-repeat center \/ contain; mask: url(https:\/\/wagnersolar.hu\/wp-content\/uploads\/2021\/06\/24.hu_feher.png) no-repeat center \/ contain; \">\n                                                                        <a href=\"https:\/\/24.hu\/otthon\/2021\/06\/02\/napelem-nulla-forintos-villanyszamla\/\" target=\"_blank\">\n                                                                            <\/a>\n                                            <\/div>\n                                                                                                    <div class=\"image\" style=\"-webkit-mask: url(https:\/\/wagnersolar.hu\/wp-content\/uploads\/2023\/04\/metropol_feher_hatter-nelkul-01.svg) no-repeat center \/ contain; mask: url(https:\/\/wagnersolar.hu\/wp-content\/uploads\/2023\/04\/metropol_feher_hatter-nelkul-01.svg) no-repeat center \/ contain; \">\n                                                                        <a href=\"https:\/\/metropol.hu\/aktualis\/2021\/09\/csaladi-vallalatok-kivalosaga-lett-a-wagner-solar\" target=\"_blank\">\n                                                                            <\/a>\n                                            <\/div>\n                                                                                                    <div class=\"image\" style=\"-webkit-mask: url(https:\/\/wagnersolar.hu\/wp-content\/uploads\/2021\/06\/vip_logo-1_feher.png) no-repeat center \/ contain; mask: url(https:\/\/wagnersolar.hu\/wp-content\/uploads\/2021\/06\/vip_logo-1_feher.png) no-repeat center \/ contain; \">\n                                                                        <a href=\"https:\/\/thevip.hu\/2021\/06\/02\/sietnie-kell-a-napelemekkel-aki-nulla-forintos-villanyszamlat-szeretne\/\" target=\"_blank\">\n                                                                            <\/a>\n                                            <\/div>\n                                                                                                    <div class=\"image\" style=\"-webkit-mask: url(https:\/\/wagnersolar.hu\/wp-content\/uploads\/2023\/04\/portfolio_feher-01.svg) no-repeat center \/ contain; mask: url(https:\/\/wagnersolar.hu\/wp-content\/uploads\/2023\/04\/portfolio_feher-01.svg) no-repeat center \/ contain; \">\n                                                                        <a href=\"https:\/\/www.portfolio.hu\/gazdasag\/20210217\/allami-tamogatassal-napelemet-a-tetore-ezt-mindenkeppen-erdemes-tudni-469912\" target=\"_blank\">\n                                                                            <\/a>\n                                            <\/div>\n                                                                                                    <div class=\"image\" style=\"-webkit-mask: url(https:\/\/wagnersolar.hu\/wp-content\/uploads\/2023\/04\/hirado_feher-01.svg) no-repeat center \/ contain; mask: url(https:\/\/wagnersolar.hu\/wp-content\/uploads\/2023\/04\/hirado_feher-01.svg) no-repeat center \/ contain; \">\n                                                                        <a href=\"https:\/\/hirado.hu\/belfold\/cikk\/2021\/09\/14\/kivalora-vizsgazott-a-wagner-solar-a-csaladi-cegek-kozott\" target=\"_blank\">\n                                                                            <\/a>\n                                            <\/div>\n                                                                                                    <div class=\"image\" style=\"-webkit-mask: url(https:\/\/wagnersolar.hu\/wp-content\/uploads\/2023\/04\/Hir_TV_feher_hatter-nelkul.svg) no-repeat center \/ contain; mask: url(https:\/\/wagnersolar.hu\/wp-content\/uploads\/2023\/04\/Hir_TV_feher_hatter-nelkul.svg) no-repeat center \/ contain; \">\n                                                                        <a href=\"https:\/\/hirtv.hu\/ahirtvhirei\/oriasi-kereslet-elhuzodo-kivitelezes-2552115\" target=\"_blank\">\n                                                                            <\/a>\n                                            <\/div>\n                                                                                                    <div class=\"image\" style=\"-webkit-mask: url(https:\/\/wagnersolar.hu\/wp-content\/uploads\/2021\/06\/Harmony_logo_2021-300x108_feher.png) no-repeat center \/ contain; mask: url(https:\/\/wagnersolar.hu\/wp-content\/uploads\/2021\/06\/Harmony_logo_2021-300x108_feher.png) no-repeat center \/ contain; \">\n                                                                        <a href=\"https:\/\/goldenharmony.hu\/sietnie-kell-a-napelemekkel-aki-nulla-forintos-villanyszamlat-szeretne\/\" target=\"_blank\">\n                                                                            <\/a>\n                                            <\/div>\n                                                                                                    <div class=\"image\" style=\"-webkit-mask: url(https:\/\/wagnersolar.hu\/wp-content\/uploads\/2023\/05\/blikk_logo_feher-01.svg) no-repeat center \/ contain; mask: url(https:\/\/wagnersolar.hu\/wp-content\/uploads\/2023\/05\/blikk_logo_feher-01.svg) no-repeat center \/ contain; \">\n                                                                        <a href=\"https:\/\/www.blikk.hu\/aktualis\/belfold\/magyar-autosok-uzemanyaghiany-benzin\/93vvqml\" target=\"_blank\">\n                                                                            <\/a>\n                                            <\/div>\n                                                                                                    <div class=\"image\" style=\"-webkit-mask: url(https:\/\/wagnersolar.hu\/wp-content\/uploads\/2023\/05\/15.png) no-repeat center \/ contain; mask: url(https:\/\/wagnersolar.hu\/wp-content\/uploads\/2023\/05\/15.png) no-repeat center \/ contain; \">\n                                                                        <a href=\"https:\/\/piacesprofit.hu\/cikkek\/gazdasag\/ujabb-uzemanyaghiany-veszelye-fenyeget-.html?oldal=2\" target=\"_blank\">\n                                                                            <\/a>\n                                            <\/div>\n                                                                                                    <div class=\"image\" style=\"-webkit-mask: url(https:\/\/wagnersolar.hu\/wp-content\/uploads\/2023\/05\/Totalcarlogo-depositphotos-bgremover-1.png) no-repeat center \/ contain; mask: url(https:\/\/wagnersolar.hu\/wp-content\/uploads\/2023\/05\/Totalcarlogo-depositphotos-bgremover-1.png) no-repeat center \/ contain; \">\n                                                                        <a href=\"https:\/\/totalcar.hu\/magazin\/hirek\/2023\/05\/16\/elektromobilitas-felmeres-uzemanyaghiany-kozlekedes\/\" target=\"_blank\">\n                                                                            <\/a>\n                                            <\/div>\n                                                                                                    <div class=\"image\" style=\"-webkit-mask: url(https:\/\/wagnersolar.hu\/wp-content\/uploads\/2023\/05\/divany_logo_feher-01.svg) no-repeat center \/ contain; mask: url(https:\/\/wagnersolar.hu\/wp-content\/uploads\/2023\/05\/divany_logo_feher-01.svg) no-repeat center \/ contain; \">\n                                                                        <a href=\"https:\/\/divany.hu\/offline\/uzemanyaghiany\/\" target=\"_blank\">\n                                                                            <\/a>\n                                            <\/div>\n                                                                                                    <div class=\"image\" style=\"-webkit-mask: url(https:\/\/wagnersolar.hu\/wp-content\/uploads\/2023\/04\/Origo_logo_ujpng-e1692864234588.png) no-repeat center \/ contain; mask: url(https:\/\/wagnersolar.hu\/wp-content\/uploads\/2023\/04\/Origo_logo_ujpng-e1692864234588.png) no-repeat center \/ contain; \">\n                                                                        <a href=\"https:\/\/www.origo.hu\/gazdasag\/20230817-mutatjuk-mennyit-fogyasztanak-a-mindennapi-haztartasi-eszkozok.html\" target=\"_blank\">\n                                                                            <\/a>\n                                            <\/div>\n                                <\/div>\n            <\/div>\n        <\/div>\n    <\/div>\n<\/section>\n","protected":false},"excerpt":{"rendered":"","protected":false},"author":28,"featured_media":44559,"parent":0,"menu_order":219,"comment_status":"closed","ping_status":"closed","template":"","meta":{"_acf_changed":false,"inline_featured_image":false,"footnotes":""},"class_list":["post-50791","page","type-page","status-publish","has-post-thumbnail","hentry"],"acf":[],"yoast_head":"<!-- This site is optimized with the Yoast SEO Premium plugin v27.5 (Yoast SEO v27.5) - https:\/\/yoast.com\/product\/yoast-seo-premium-wordpress\/ -->\n<title>Wagner Solar | Solarmodul, W\u00e4rmepumpe, Solarkollektor - Wagner Solar | Napelem, h\u0151szivatty\u00fa, napkollektor<\/title>\n<meta name=\"description\" content=\"Solarmodule, EV-Ladestationen und Energiespeicherung von der Planung bis zum Bau. Bauen oder Renovieren? Kontaktieren Sie unser Expertenteam!\" \/>\n<meta name=\"robots\" content=\"index, follow, max-snippet:-1, max-image-preview:large, max-video-preview:-1\" \/>\n<link rel=\"canonical\" href=\"https:\/\/wagnersolar.hu\/de\/\" \/>\n<meta property=\"og:locale\" content=\"de_DE\" \/>\n<meta property=\"og:type\" content=\"article\" \/>\n<meta property=\"og:title\" content=\"Wagner Solar, UGARN\" \/>\n<meta property=\"og:description\" content=\"Solarmodule, EV-Ladestationen und Energiespeicherung von der Planung bis zum Bau. Bauen oder Renovieren? Kontaktieren Sie unser Expertenteam!\" \/>\n<meta property=\"og:url\" content=\"https:\/\/wagnersolar.hu\/de\/\" \/>\n<meta property=\"og:site_name\" content=\"Wagner Solar | Napelem, h\u0151szivatty\u00fa, napkollektor\" \/>\n<meta property=\"article:modified_time\" content=\"2026-01-28T11:19:32+00:00\" \/>\n<meta property=\"og:image\" content=\"https:\/\/wagnersolar.hu\/wp-content\/uploads\/2025\/08\/napelem-szerviz-e1754381314729.png\" \/>\n\t<meta property=\"og:image:width\" content=\"890\" \/>\n\t<meta property=\"og:image:height\" content=\"610\" \/>\n\t<meta property=\"og:image:type\" content=\"image\/png\" \/>\n<meta name=\"twitter:card\" content=\"summary_large_image\" \/>\n<meta name=\"twitter:title\" content=\"Wagner Solar | Solarmodul, W\u00e4rmepumpe, Solarkollektor\" \/>\n<script type=\"application\/ld+json\" class=\"yoast-schema-graph\">{\"@context\":\"https:\\\/\\\/schema.org\",\"@graph\":[{\"@type\":\"WebPage\",\"@id\":\"https:\\\/\\\/wagnersolar.hu\\\/de\\\/\",\"url\":\"https:\\\/\\\/wagnersolar.hu\\\/de\\\/\",\"name\":\"Wagner Solar | Solarmodul, W\u00e4rmepumpe, Solarkollektor - Wagner Solar | Napelem, h\u0151szivatty\u00fa, napkollektor\",\"isPartOf\":{\"@id\":\"https:\\\/\\\/wagnersolar.hu\\\/#website\"},\"primaryImageOfPage\":{\"@id\":\"https:\\\/\\\/wagnersolar.hu\\\/de\\\/#primaryimage\"},\"image\":{\"@id\":\"https:\\\/\\\/wagnersolar.hu\\\/de\\\/#primaryimage\"},\"thumbnailUrl\":\"https:\\\/\\\/wagnersolar.hu\\\/wp-content\\\/uploads\\\/2020\\\/08\\\/wagner-solar-napelem-nyitokep-1.jpg\",\"datePublished\":\"2020-04-22T05:57:02+00:00\",\"dateModified\":\"2026-01-28T11:19:32+00:00\",\"description\":\"Solarmodule, EV-Ladestationen und Energiespeicherung von der Planung bis zum Bau. Bauen oder Renovieren? Kontaktieren Sie unser Expertenteam!\",\"breadcrumb\":{\"@id\":\"https:\\\/\\\/wagnersolar.hu\\\/de\\\/#breadcrumb\"},\"inLanguage\":\"de\",\"potentialAction\":[{\"@type\":\"ReadAction\",\"target\":[\"https:\\\/\\\/wagnersolar.hu\\\/de\\\/\"]}]},{\"@type\":\"ImageObject\",\"inLanguage\":\"de\",\"@id\":\"https:\\\/\\\/wagnersolar.hu\\\/de\\\/#primaryimage\",\"url\":\"https:\\\/\\\/wagnersolar.hu\\\/wp-content\\\/uploads\\\/2020\\\/08\\\/wagner-solar-napelem-nyitokep-1.jpg\",\"contentUrl\":\"https:\\\/\\\/wagnersolar.hu\\\/wp-content\\\/uploads\\\/2020\\\/08\\\/wagner-solar-napelem-nyitokep-1.jpg\",\"width\":1680,\"height\":1050,\"caption\":\"Wagner Solar\"},{\"@type\":\"BreadcrumbList\",\"@id\":\"https:\\\/\\\/wagnersolar.hu\\\/de\\\/#breadcrumb\",\"itemListElement\":[{\"@type\":\"ListItem\",\"position\":1,\"name\":\"Kezd\u0151lap\",\"item\":\"https:\\\/\\\/wagnersolar.hu\\\/de\\\/\"},{\"@type\":\"ListItem\",\"position\":2,\"name\":\"Wagner Solar | Solarmodul, W\u00e4rmepumpe, Solarkollektor\"}]},{\"@type\":\"WebSite\",\"@id\":\"https:\\\/\\\/wagnersolar.hu\\\/#website\",\"url\":\"https:\\\/\\\/wagnersolar.hu\\\/\",\"name\":\"Wagner Solar | Napelem, h\u0151szivatty\u00fa, napkollektor\",\"description\":\"Napelemes rendszerek kivitelez\u00e9se\",\"publisher\":{\"@id\":\"https:\\\/\\\/wagnersolar.hu\\\/#organization\"},\"potentialAction\":[{\"@type\":\"SearchAction\",\"target\":{\"@type\":\"EntryPoint\",\"urlTemplate\":\"https:\\\/\\\/wagnersolar.hu\\\/?s={search_term_string}\"},\"query-input\":{\"@type\":\"PropertyValueSpecification\",\"valueRequired\":true,\"valueName\":\"search_term_string\"}}],\"inLanguage\":\"de\"},{\"@type\":\"Organization\",\"@id\":\"https:\\\/\\\/wagnersolar.hu\\\/#organization\",\"name\":\"Wagner Solar Kft.\",\"url\":\"https:\\\/\\\/wagnersolar.hu\\\/\",\"logo\":{\"@type\":\"ImageObject\",\"inLanguage\":\"de\",\"@id\":\"https:\\\/\\\/wagnersolar.hu\\\/#\\\/schema\\\/logo\\\/image\\\/\",\"url\":\"https:\\\/\\\/wagnersolar.hu\\\/wp-content\\\/uploads\\\/2021\\\/12\\\/WS_logo_2020_fekvo.png\",\"contentUrl\":\"https:\\\/\\\/wagnersolar.hu\\\/wp-content\\\/uploads\\\/2021\\\/12\\\/WS_logo_2020_fekvo.png\",\"width\":1944,\"height\":498,\"caption\":\"Wagner Solar Kft.\"},\"image\":{\"@id\":\"https:\\\/\\\/wagnersolar.hu\\\/#\\\/schema\\\/logo\\\/image\\\/\"}}]}<\/script>\n<!-- \/ Yoast SEO Premium plugin. -->","yoast_head_json":{"title":"Wagner Solar | Solarmodul, W\u00e4rmepumpe, Solarkollektor - Wagner Solar | Napelem, h\u0151szivatty\u00fa, napkollektor","description":"Solarmodule, EV-Ladestationen und Energiespeicherung von der Planung bis zum Bau. Bauen oder Renovieren? Kontaktieren Sie unser Expertenteam!","robots":{"index":"index","follow":"follow","max-snippet":"max-snippet:-1","max-image-preview":"max-image-preview:large","max-video-preview":"max-video-preview:-1"},"canonical":"https:\/\/wagnersolar.hu\/de\/","og_locale":"de_DE","og_type":"article","og_title":"Wagner Solar, UGARN","og_description":"Solarmodule, EV-Ladestationen und Energiespeicherung von der Planung bis zum Bau. Bauen oder Renovieren? Kontaktieren Sie unser Expertenteam!","og_url":"https:\/\/wagnersolar.hu\/de\/","og_site_name":"Wagner Solar | Napelem, h\u0151szivatty\u00fa, napkollektor","article_modified_time":"2026-01-28T11:19:32+00:00","og_image":[{"width":890,"height":610,"url":"https:\/\/wagnersolar.hu\/wp-content\/uploads\/2025\/08\/napelem-szerviz-e1754381314729.png","type":"image\/png"}],"twitter_card":"summary_large_image","twitter_title":"Wagner Solar | Solarmodul, W\u00e4rmepumpe, Solarkollektor","schema":{"@context":"https:\/\/schema.org","@graph":[{"@type":"WebPage","@id":"https:\/\/wagnersolar.hu\/de\/","url":"https:\/\/wagnersolar.hu\/de\/","name":"Wagner Solar | Solarmodul, W\u00e4rmepumpe, Solarkollektor - Wagner Solar | Napelem, h\u0151szivatty\u00fa, napkollektor","isPartOf":{"@id":"https:\/\/wagnersolar.hu\/#website"},"primaryImageOfPage":{"@id":"https:\/\/wagnersolar.hu\/de\/#primaryimage"},"image":{"@id":"https:\/\/wagnersolar.hu\/de\/#primaryimage"},"thumbnailUrl":"https:\/\/wagnersolar.hu\/wp-content\/uploads\/2020\/08\/wagner-solar-napelem-nyitokep-1.jpg","datePublished":"2020-04-22T05:57:02+00:00","dateModified":"2026-01-28T11:19:32+00:00","description":"Solarmodule, EV-Ladestationen und Energiespeicherung von der Planung bis zum Bau. Bauen oder Renovieren? Kontaktieren Sie unser Expertenteam!","breadcrumb":{"@id":"https:\/\/wagnersolar.hu\/de\/#breadcrumb"},"inLanguage":"de","potentialAction":[{"@type":"ReadAction","target":["https:\/\/wagnersolar.hu\/de\/"]}]},{"@type":"ImageObject","inLanguage":"de","@id":"https:\/\/wagnersolar.hu\/de\/#primaryimage","url":"https:\/\/wagnersolar.hu\/wp-content\/uploads\/2020\/08\/wagner-solar-napelem-nyitokep-1.jpg","contentUrl":"https:\/\/wagnersolar.hu\/wp-content\/uploads\/2020\/08\/wagner-solar-napelem-nyitokep-1.jpg","width":1680,"height":1050,"caption":"Wagner Solar"},{"@type":"BreadcrumbList","@id":"https:\/\/wagnersolar.hu\/de\/#breadcrumb","itemListElement":[{"@type":"ListItem","position":1,"name":"Kezd\u0151lap","item":"https:\/\/wagnersolar.hu\/de\/"},{"@type":"ListItem","position":2,"name":"Wagner Solar | Solarmodul, W\u00e4rmepumpe, Solarkollektor"}]},{"@type":"WebSite","@id":"https:\/\/wagnersolar.hu\/#website","url":"https:\/\/wagnersolar.hu\/","name":"Wagner Solar | Napelem, h\u0151szivatty\u00fa, napkollektor","description":"Napelemes rendszerek kivitelez\u00e9se","publisher":{"@id":"https:\/\/wagnersolar.hu\/#organization"},"potentialAction":[{"@type":"SearchAction","target":{"@type":"EntryPoint","urlTemplate":"https:\/\/wagnersolar.hu\/?s={search_term_string}"},"query-input":{"@type":"PropertyValueSpecification","valueRequired":true,"valueName":"search_term_string"}}],"inLanguage":"de"},{"@type":"Organization","@id":"https:\/\/wagnersolar.hu\/#organization","name":"Wagner Solar Kft.","url":"https:\/\/wagnersolar.hu\/","logo":{"@type":"ImageObject","inLanguage":"de","@id":"https:\/\/wagnersolar.hu\/#\/schema\/logo\/image\/","url":"https:\/\/wagnersolar.hu\/wp-content\/uploads\/2021\/12\/WS_logo_2020_fekvo.png","contentUrl":"https:\/\/wagnersolar.hu\/wp-content\/uploads\/2021\/12\/WS_logo_2020_fekvo.png","width":1944,"height":498,"caption":"Wagner Solar Kft."},"image":{"@id":"https:\/\/wagnersolar.hu\/#\/schema\/logo\/image\/"}}]}},"_links":{"self":[{"href":"https:\/\/wagnersolar.hu\/de\/wp-json\/wp\/v2\/pages\/50791","targetHints":{"allow":["GET"]}}],"collection":[{"href":"https:\/\/wagnersolar.hu\/de\/wp-json\/wp\/v2\/pages"}],"about":[{"href":"https:\/\/wagnersolar.hu\/de\/wp-json\/wp\/v2\/types\/page"}],"author":[{"embeddable":true,"href":"https:\/\/wagnersolar.hu\/de\/wp-json\/wp\/v2\/users\/28"}],"replies":[{"embeddable":true,"href":"https:\/\/wagnersolar.hu\/de\/wp-json\/wp\/v2\/comments?post=50791"}],"version-history":[{"count":14,"href":"https:\/\/wagnersolar.hu\/de\/wp-json\/wp\/v2\/pages\/50791\/revisions"}],"predecessor-version":[{"id":54543,"href":"https:\/\/wagnersolar.hu\/de\/wp-json\/wp\/v2\/pages\/50791\/revisions\/54543"}],"wp:featuredmedia":[{"embeddable":true,"href":"https:\/\/wagnersolar.hu\/de\/wp-json\/wp\/v2\/media\/44559"}],"wp:attachment":[{"href":"https:\/\/wagnersolar.hu\/de\/wp-json\/wp\/v2\/media?parent=50791"}],"curies":[{"name":"wp","href":"https:\/\/api.w.org\/{rel}","templated":true}]}}